{"id":633,"date":"2025-10-31T09:30:04","date_gmt":"2025-10-31T14:30:04","guid":{"rendered":"https:\/\/www.oefa.gob.pe\/peu\/preguntas-frecuentes\/"},"modified":"2025-11-20T16:27:18","modified_gmt":"2025-11-20T21:27:18","slug":"preguntas-frecuentes","status":"publish","type":"page","link":"https:\/\/www.oefa.gob.pe\/peu2026\/preguntas-frecuentes\/","title":{"rendered":"Preguntas frecuentes"},"content":{"rendered":"\t\t<div data-elementor-type=\"wp-page\" data-elementor-id=\"633\" class=\"elementor elementor-633\">\n\t\t\t\t<div class=\"elementor-element elementor-element-8a9058e e-flex e-con-boxed wpr-particle-no wpr-jarallax-no wpr-parallax-no wpr-sticky-section-no wpr-equal-height-no e-con e-parent\" data-id=\"8a9058e\" data-element_type=\"container\" data-e-type=\"container\" data-settings=\"{&quot;background_background&quot;:&quot;classic&quot;}\">\n\t\t\t\t\t<div class=\"e-con-inner\">\n\t\t<div class=\"elementor-element elementor-element-03fc25e e-con-full e-flex wpr-particle-no wpr-jarallax-no wpr-parallax-no wpr-sticky-section-no wpr-equal-height-no e-con e-child\" data-id=\"03fc25e\" data-element_type=\"container\" data-e-type=\"container\">\n\t\t\t\t<div class=\"elementor-element elementor-element-324e9ed elementor-widget elementor-widget-n-accordion\" data-id=\"324e9ed\" data-element_type=\"widget\" data-e-type=\"widget\" data-settings=\"{&quot;default_state&quot;:&quot;expanded&quot;,&quot;max_items_expended&quot;:&quot;one&quot;,&quot;n_accordion_animation_duration&quot;:{&quot;unit&quot;:&quot;ms&quot;,&quot;size&quot;:400,&quot;sizes&quot;:[]}}\" data-widget_type=\"nested-accordion.default\">\n\t\t\t\t\t\t\t<div class=\"e-n-accordion\" aria-label=\"Accordion. Open links with Enter or Space, close with Escape, and navigate with Arrow Keys\">\n\t\t\t\t\t\t<details id=\"e-n-accordion-item-5270\" class=\"e-n-accordion-item\" open>\n\t\t\t\t<summary class=\"e-n-accordion-item-title\" data-accordion-index=\"1\" tabindex=\"0\" aria-expanded=\"true\" aria-controls=\"e-n-accordion-item-5270\" >\n\t\t\t\t\t<span class='e-n-accordion-item-title-header'><div class=\"e-n-accordion-item-title-text\"> 1. \u00bfA qui\u00e9nes est\u00e1 dirigido el programa? <\/div><\/span>\n\t\t\t\t\t\t\t<span class='e-n-accordion-item-title-icon'>\n\t\t\t<span class='e-opened' ><svg aria-hidden=\"true\" class=\"e-font-icon-svg e-fas-minus\" viewBox=\"0 0 448 512\" xmlns=\"http:\/\/www.w3.org\/2000\/svg\"><path d=\"M416 208H32c-17.67 0-32 14.33-32 32v32c0 17.67 14.33 32 32 32h384c17.67 0 32-14.33 32-32v-32c0-17.67-14.33-32-32-32z\"><\/path><\/svg><\/span>\n\t\t\t<span class='e-closed'><svg aria-hidden=\"true\" class=\"e-font-icon-svg e-fas-plus\" viewBox=\"0 0 448 512\" xmlns=\"http:\/\/www.w3.org\/2000\/svg\"><path d=\"M416 208H272V64c0-17.67-14.33-32-32-32h-32c-17.67 0-32 14.33-32 32v144H32c-17.67 0-32 14.33-32 32v32c0 17.67 14.33 32 32 32h144v144c0 17.67 14.33 32 32 32h32c17.67 0 32-14.33 32-32V304h144c17.67 0 32-14.33 32-32v-32c0-17.67-14.33-32-32-32z\"><\/path><\/svg><\/span>\n\t\t<\/span>\n\n\t\t\t\t\t\t<\/summary>\n\t\t\t\t<div role=\"region\" aria-labelledby=\"e-n-accordion-item-5270\" class=\"elementor-element elementor-element-c6ed83c e-con-full e-flex wpr-particle-no wpr-jarallax-no wpr-parallax-no wpr-sticky-section-no wpr-equal-height-no e-con e-child\" data-id=\"c6ed83c\" data-element_type=\"container\" data-e-type=\"container\">\n\t\t\t\t<div class=\"elementor-element elementor-element-2ac2564 elementor-widget elementor-widget-text-editor\" data-id=\"2ac2564\" data-element_type=\"widget\" data-e-type=\"widget\" data-widget_type=\"text-editor.default\">\n\t\t\t\t\t\t\t\t\t<p>El programa est\u00e1 abierto a estudiantes universitarios\/as que cursan los dos \u00faltimos a\u00f1os de las carreras de ciencias, ciencias Sociales, derecho y econom\u00eda en universidades del pa\u00eds, o que hayan egresado de dichas carreras exclusivamente durante el 2025. Las constancias de egresados deben contener necesariamente la fecha de egreso en el contenido del documento.<\/p>\t\t\t\t\t\t\t\t<\/div>\n\t\t\t\t<\/div>\n\t\t\t\t\t<\/details>\n\t\t\t\t\t\t<details id=\"e-n-accordion-item-5271\" class=\"e-n-accordion-item\" >\n\t\t\t\t<summary class=\"e-n-accordion-item-title\" data-accordion-index=\"2\" tabindex=\"-1\" aria-expanded=\"false\" aria-controls=\"e-n-accordion-item-5271\" >\n\t\t\t\t\t<span class='e-n-accordion-item-title-header'><div class=\"e-n-accordion-item-title-text\"> 2. \u00bfEn qu\u00e9 modalidad se realizar\u00e1 el programa? <\/div><\/span>\n\t\t\t\t\t\t\t<span class='e-n-accordion-item-title-icon'>\n\t\t\t<span class='e-opened' ><svg aria-hidden=\"true\" class=\"e-font-icon-svg e-fas-minus\" viewBox=\"0 0 448 512\" xmlns=\"http:\/\/www.w3.org\/2000\/svg\"><path d=\"M416 208H32c-17.67 0-32 14.33-32 32v32c0 17.67 14.33 32 32 32h384c17.67 0 32-14.33 32-32v-32c0-17.67-14.33-32-32-32z\"><\/path><\/svg><\/span>\n\t\t\t<span class='e-closed'><svg aria-hidden=\"true\" class=\"e-font-icon-svg e-fas-plus\" viewBox=\"0 0 448 512\" xmlns=\"http:\/\/www.w3.org\/2000\/svg\"><path d=\"M416 208H272V64c0-17.67-14.33-32-32-32h-32c-17.67 0-32 14.33-32 32v144H32c-17.67 0-32 14.33-32 32v32c0 17.67 14.33 32 32 32h144v144c0 17.67 14.33 32 32 32h32c17.67 0 32-14.33 32-32V304h144c17.67 0 32-14.33 32-32v-32c0-17.67-14.33-32-32-32z\"><\/path><\/svg><\/span>\n\t\t<\/span>\n\n\t\t\t\t\t\t<\/summary>\n\t\t\t\t<div role=\"region\" aria-labelledby=\"e-n-accordion-item-5271\" class=\"elementor-element elementor-element-9b09154 e-con-full e-flex wpr-particle-no wpr-jarallax-no wpr-parallax-no wpr-sticky-section-no wpr-equal-height-no e-con e-child\" data-id=\"9b09154\" data-element_type=\"container\" data-e-type=\"container\">\n\t\t\t\t<div class=\"elementor-element elementor-element-7775602 elementor-widget elementor-widget-text-editor\" data-id=\"7775602\" data-element_type=\"widget\" data-e-type=\"widget\" data-widget_type=\"text-editor.default\">\n\t\t\t\t\t\t\t\t\t<p>La metodolog\u00eda de ense\u00f1anza del PEU se basa en un enfoque de educaci\u00f3n virtual que combina sesiones s\u00edncronas y as\u00edncronas.<\/p>\t\t\t\t\t\t\t\t<\/div>\n\t\t\t\t<\/div>\n\t\t\t\t\t<\/details>\n\t\t\t\t\t\t<details id=\"e-n-accordion-item-5272\" class=\"e-n-accordion-item\" >\n\t\t\t\t<summary class=\"e-n-accordion-item-title\" data-accordion-index=\"3\" tabindex=\"-1\" aria-expanded=\"false\" aria-controls=\"e-n-accordion-item-5272\" >\n\t\t\t\t\t<span class='e-n-accordion-item-title-header'><div class=\"e-n-accordion-item-title-text\"> 3. \u00bfCu\u00e1nto dura el programa? <\/div><\/span>\n\t\t\t\t\t\t\t<span class='e-n-accordion-item-title-icon'>\n\t\t\t<span class='e-opened' ><svg aria-hidden=\"true\" class=\"e-font-icon-svg e-fas-minus\" viewBox=\"0 0 448 512\" xmlns=\"http:\/\/www.w3.org\/2000\/svg\"><path d=\"M416 208H32c-17.67 0-32 14.33-32 32v32c0 17.67 14.33 32 32 32h384c17.67 0 32-14.33 32-32v-32c0-17.67-14.33-32-32-32z\"><\/path><\/svg><\/span>\n\t\t\t<span class='e-closed'><svg aria-hidden=\"true\" class=\"e-font-icon-svg e-fas-plus\" viewBox=\"0 0 448 512\" xmlns=\"http:\/\/www.w3.org\/2000\/svg\"><path d=\"M416 208H272V64c0-17.67-14.33-32-32-32h-32c-17.67 0-32 14.33-32 32v144H32c-17.67 0-32 14.33-32 32v32c0 17.67 14.33 32 32 32h144v144c0 17.67 14.33 32 32 32h32c17.67 0 32-14.33 32-32V304h144c17.67 0 32-14.33 32-32v-32c0-17.67-14.33-32-32-32z\"><\/path><\/svg><\/span>\n\t\t<\/span>\n\n\t\t\t\t\t\t<\/summary>\n\t\t\t\t<div role=\"region\" aria-labelledby=\"e-n-accordion-item-5272\" class=\"elementor-element elementor-element-d6f6727 e-con-full e-flex wpr-particle-no wpr-jarallax-no wpr-parallax-no wpr-sticky-section-no wpr-equal-height-no e-con e-child\" data-id=\"d6f6727\" data-element_type=\"container\" data-e-type=\"container\">\n\t\t\t\t<div class=\"elementor-element elementor-element-1ad1d37 elementor-widget elementor-widget-text-editor\" data-id=\"1ad1d37\" data-element_type=\"widget\" data-e-type=\"widget\" data-widget_type=\"text-editor.default\">\n\t\t\t\t\t\t\t\t\t<p>El programa tiene una duraci\u00f3n de 160 horas cronol\u00f3gicas a lo largo de 06 semanas, desde el 19 de enero hasta el 27 de febrero del 2026. Las clases se realizar\u00e1n de lunes a viernes de 08:00 a 13:00 horas.<\/p>\t\t\t\t\t\t\t\t<\/div>\n\t\t\t\t<\/div>\n\t\t\t\t\t<\/details>\n\t\t\t\t\t\t<details id=\"e-n-accordion-item-5273\" class=\"e-n-accordion-item\" >\n\t\t\t\t<summary class=\"e-n-accordion-item-title\" data-accordion-index=\"4\" tabindex=\"-1\" aria-expanded=\"false\" aria-controls=\"e-n-accordion-item-5273\" >\n\t\t\t\t\t<span class='e-n-accordion-item-title-header'><div class=\"e-n-accordion-item-title-text\"> 4. \u00bfEn qu\u00e9 lugar se realizan las inscripciones al programa? <\/div><\/span>\n\t\t\t\t\t\t\t<span class='e-n-accordion-item-title-icon'>\n\t\t\t<span class='e-opened' ><svg aria-hidden=\"true\" class=\"e-font-icon-svg e-fas-minus\" viewBox=\"0 0 448 512\" xmlns=\"http:\/\/www.w3.org\/2000\/svg\"><path d=\"M416 208H32c-17.67 0-32 14.33-32 32v32c0 17.67 14.33 32 32 32h384c17.67 0 32-14.33 32-32v-32c0-17.67-14.33-32-32-32z\"><\/path><\/svg><\/span>\n\t\t\t<span class='e-closed'><svg aria-hidden=\"true\" class=\"e-font-icon-svg e-fas-plus\" viewBox=\"0 0 448 512\" xmlns=\"http:\/\/www.w3.org\/2000\/svg\"><path d=\"M416 208H272V64c0-17.67-14.33-32-32-32h-32c-17.67 0-32 14.33-32 32v144H32c-17.67 0-32 14.33-32 32v32c0 17.67 14.33 32 32 32h144v144c0 17.67 14.33 32 32 32h32c17.67 0 32-14.33 32-32V304h144c17.67 0 32-14.33 32-32v-32c0-17.67-14.33-32-32-32z\"><\/path><\/svg><\/span>\n\t\t<\/span>\n\n\t\t\t\t\t\t<\/summary>\n\t\t\t\t<div role=\"region\" aria-labelledby=\"e-n-accordion-item-5273\" class=\"elementor-element elementor-element-dc08982 e-con-full e-flex wpr-particle-no wpr-jarallax-no wpr-parallax-no wpr-sticky-section-no wpr-equal-height-no e-con e-child\" data-id=\"dc08982\" data-element_type=\"container\" data-e-type=\"container\">\n\t\t\t\t<div class=\"elementor-element elementor-element-a2fe7ef elementor-widget elementor-widget-text-editor\" data-id=\"a2fe7ef\" data-element_type=\"widget\" data-e-type=\"widget\" data-widget_type=\"text-editor.default\">\n\t\t\t\t\t\t\t\t\t<p>Las inscripciones son \u00fanicamente online, a trav\u00e9s de la siguiente direcci\u00f3n web: <a href=\"https:\/\/www.oefa.gob.pe\/peu2026\/\" target=\"new\">https:\/\/www.oefa.gob.pe\/peu2026\/<\/a> all\u00ed deber\u00e1n completar la Ficha de postulaci\u00f3n.<\/p>\t\t\t\t\t\t\t\t<\/div>\n\t\t\t\t<\/div>\n\t\t\t\t\t<\/details>\n\t\t\t\t\t\t<details id=\"e-n-accordion-item-5274\" class=\"e-n-accordion-item\" >\n\t\t\t\t<summary class=\"e-n-accordion-item-title\" data-accordion-index=\"5\" tabindex=\"-1\" aria-expanded=\"false\" aria-controls=\"e-n-accordion-item-5274\" >\n\t\t\t\t\t<span class='e-n-accordion-item-title-header'><div class=\"e-n-accordion-item-title-text\"> 5. Si soy estudiante de otra especialidad que no es ciencias, ciencias sociales, derecho ni econom\u00eda, \u00bfpuedo postular al programa? <\/div><\/span>\n\t\t\t\t\t\t\t<span class='e-n-accordion-item-title-icon'>\n\t\t\t<span class='e-opened' ><svg aria-hidden=\"true\" class=\"e-font-icon-svg e-fas-minus\" viewBox=\"0 0 448 512\" xmlns=\"http:\/\/www.w3.org\/2000\/svg\"><path d=\"M416 208H32c-17.67 0-32 14.33-32 32v32c0 17.67 14.33 32 32 32h384c17.67 0 32-14.33 32-32v-32c0-17.67-14.33-32-32-32z\"><\/path><\/svg><\/span>\n\t\t\t<span class='e-closed'><svg aria-hidden=\"true\" class=\"e-font-icon-svg e-fas-plus\" viewBox=\"0 0 448 512\" xmlns=\"http:\/\/www.w3.org\/2000\/svg\"><path d=\"M416 208H272V64c0-17.67-14.33-32-32-32h-32c-17.67 0-32 14.33-32 32v144H32c-17.67 0-32 14.33-32 32v32c0 17.67 14.33 32 32 32h144v144c0 17.67 14.33 32 32 32h32c17.67 0 32-14.33 32-32V304h144c17.67 0 32-14.33 32-32v-32c0-17.67-14.33-32-32-32z\"><\/path><\/svg><\/span>\n\t\t<\/span>\n\n\t\t\t\t\t\t<\/summary>\n\t\t\t\t<div role=\"region\" aria-labelledby=\"e-n-accordion-item-5274\" class=\"elementor-element elementor-element-e7f6299 e-con-full e-flex wpr-particle-no wpr-jarallax-no wpr-parallax-no wpr-sticky-section-no wpr-equal-height-no e-con e-child\" data-id=\"e7f6299\" data-element_type=\"container\" data-e-type=\"container\">\n\t\t\t\t<div class=\"elementor-element elementor-element-7eebde7 elementor-widget elementor-widget-text-editor\" data-id=\"7eebde7\" data-element_type=\"widget\" data-e-type=\"widget\" data-widget_type=\"text-editor.default\">\n\t\t\t\t\t\t\t\t\t<p>El programa est\u00e1 dirigido solamente a estudiantes de las carreras espec\u00edficas antes se\u00f1aladas.<\/p>\t\t\t\t\t\t\t\t<\/div>\n\t\t\t\t<\/div>\n\t\t\t\t\t<\/details>\n\t\t\t\t\t\t<details id=\"e-n-accordion-item-5275\" class=\"e-n-accordion-item\" >\n\t\t\t\t<summary class=\"e-n-accordion-item-title\" data-accordion-index=\"6\" tabindex=\"-1\" aria-expanded=\"false\" aria-controls=\"e-n-accordion-item-5275\" >\n\t\t\t\t\t<span class='e-n-accordion-item-title-header'><div class=\"e-n-accordion-item-title-text\"> 6. Soy egresado\/a universitario\/a, pero a\u00fan no tengo la constancia respectiva. \u00bfQu\u00e9 documento presento en caso de ser admitido\/a? <\/div><\/span>\n\t\t\t\t\t\t\t<span class='e-n-accordion-item-title-icon'>\n\t\t\t<span class='e-opened' ><svg aria-hidden=\"true\" class=\"e-font-icon-svg e-fas-minus\" viewBox=\"0 0 448 512\" xmlns=\"http:\/\/www.w3.org\/2000\/svg\"><path d=\"M416 208H32c-17.67 0-32 14.33-32 32v32c0 17.67 14.33 32 32 32h384c17.67 0 32-14.33 32-32v-32c0-17.67-14.33-32-32-32z\"><\/path><\/svg><\/span>\n\t\t\t<span class='e-closed'><svg aria-hidden=\"true\" class=\"e-font-icon-svg e-fas-plus\" viewBox=\"0 0 448 512\" xmlns=\"http:\/\/www.w3.org\/2000\/svg\"><path d=\"M416 208H272V64c0-17.67-14.33-32-32-32h-32c-17.67 0-32 14.33-32 32v144H32c-17.67 0-32 14.33-32 32v32c0 17.67 14.33 32 32 32h144v144c0 17.67 14.33 32 32 32h32c17.67 0 32-14.33 32-32V304h144c17.67 0 32-14.33 32-32v-32c0-17.67-14.33-32-32-32z\"><\/path><\/svg><\/span>\n\t\t<\/span>\n\n\t\t\t\t\t\t<\/summary>\n\t\t\t\t<div role=\"region\" aria-labelledby=\"e-n-accordion-item-5275\" class=\"elementor-element elementor-element-829cfe3 e-con-full e-flex wpr-particle-no wpr-jarallax-no wpr-parallax-no wpr-sticky-section-no wpr-equal-height-no e-con e-child\" data-id=\"829cfe3\" data-element_type=\"container\" data-e-type=\"container\">\n\t\t\t\t<div class=\"elementor-element elementor-element-3b97b98 elementor-widget elementor-widget-text-editor\" data-id=\"3b97b98\" data-element_type=\"widget\" data-e-type=\"widget\" data-widget_type=\"text-editor.default\">\n\t\t\t\t\t\t\t\t\t<p>El documento que debes presentar es el que se\u00f1ale que has concluido el \u00faltimo ciclo o \u00faltimo a\u00f1o de la carrera en el 2025; por ejemplo, el r\u00e9cord acad\u00e9mico de tus notas.<\/p>\t\t\t\t\t\t\t\t<\/div>\n\t\t\t\t<\/div>\n\t\t\t\t\t<\/details>\n\t\t\t\t\t\t<details id=\"e-n-accordion-item-5276\" class=\"e-n-accordion-item\" >\n\t\t\t\t<summary class=\"e-n-accordion-item-title\" data-accordion-index=\"7\" tabindex=\"-1\" aria-expanded=\"false\" aria-controls=\"e-n-accordion-item-5276\" >\n\t\t\t\t\t<span class='e-n-accordion-item-title-header'><div class=\"e-n-accordion-item-title-text\"> 7. Estoy en octavo ciclo de la carrera de Econom\u00eda, la cual dura cinco a\u00f1os. \u00bfPuedo postular al programa? <\/div><\/span>\n\t\t\t\t\t\t\t<span class='e-n-accordion-item-title-icon'>\n\t\t\t<span class='e-opened' ><svg aria-hidden=\"true\" class=\"e-font-icon-svg e-fas-minus\" viewBox=\"0 0 448 512\" xmlns=\"http:\/\/www.w3.org\/2000\/svg\"><path d=\"M416 208H32c-17.67 0-32 14.33-32 32v32c0 17.67 14.33 32 32 32h384c17.67 0 32-14.33 32-32v-32c0-17.67-14.33-32-32-32z\"><\/path><\/svg><\/span>\n\t\t\t<span class='e-closed'><svg aria-hidden=\"true\" class=\"e-font-icon-svg e-fas-plus\" viewBox=\"0 0 448 512\" xmlns=\"http:\/\/www.w3.org\/2000\/svg\"><path d=\"M416 208H272V64c0-17.67-14.33-32-32-32h-32c-17.67 0-32 14.33-32 32v144H32c-17.67 0-32 14.33-32 32v32c0 17.67 14.33 32 32 32h144v144c0 17.67 14.33 32 32 32h32c17.67 0 32-14.33 32-32V304h144c17.67 0 32-14.33 32-32v-32c0-17.67-14.33-32-32-32z\"><\/path><\/svg><\/span>\n\t\t<\/span>\n\n\t\t\t\t\t\t<\/summary>\n\t\t\t\t<div role=\"region\" aria-labelledby=\"e-n-accordion-item-5276\" class=\"elementor-element elementor-element-83edc27 e-con-full e-flex wpr-particle-no wpr-jarallax-no wpr-parallax-no wpr-sticky-section-no wpr-equal-height-no e-con e-child\" data-id=\"83edc27\" data-element_type=\"container\" data-e-type=\"container\">\n\t\t\t\t<div class=\"elementor-element elementor-element-d97e18c elementor-widget elementor-widget-text-editor\" data-id=\"d97e18c\" data-element_type=\"widget\" data-e-type=\"widget\" data-widget_type=\"text-editor.default\">\n\t\t\t\t\t\t\t\t\t<p>El programa est\u00e1 abierto a estudiantes de los dos \u00faltimos a\u00f1os de estudios y a los egresados en el 2025.<\/p>\t\t\t\t\t\t\t\t<\/div>\n\t\t\t\t<\/div>\n\t\t\t\t\t<\/details>\n\t\t\t\t\t\t<details id=\"e-n-accordion-item-5277\" class=\"e-n-accordion-item\" >\n\t\t\t\t<summary class=\"e-n-accordion-item-title\" data-accordion-index=\"8\" tabindex=\"-1\" aria-expanded=\"false\" aria-controls=\"e-n-accordion-item-5277\" >\n\t\t\t\t\t<span class='e-n-accordion-item-title-header'><div class=\"e-n-accordion-item-title-text\"> 8. En mi universidad los estudios no se cuentan por ciclos o semestres, sino por a\u00f1os de estudio. \u00bfPuedo postular al programa? <\/div><\/span>\n\t\t\t\t\t\t\t<span class='e-n-accordion-item-title-icon'>\n\t\t\t<span class='e-opened' ><svg aria-hidden=\"true\" class=\"e-font-icon-svg e-fas-minus\" viewBox=\"0 0 448 512\" xmlns=\"http:\/\/www.w3.org\/2000\/svg\"><path d=\"M416 208H32c-17.67 0-32 14.33-32 32v32c0 17.67 14.33 32 32 32h384c17.67 0 32-14.33 32-32v-32c0-17.67-14.33-32-32-32z\"><\/path><\/svg><\/span>\n\t\t\t<span class='e-closed'><svg aria-hidden=\"true\" class=\"e-font-icon-svg e-fas-plus\" viewBox=\"0 0 448 512\" xmlns=\"http:\/\/www.w3.org\/2000\/svg\"><path d=\"M416 208H272V64c0-17.67-14.33-32-32-32h-32c-17.67 0-32 14.33-32 32v144H32c-17.67 0-32 14.33-32 32v32c0 17.67 14.33 32 32 32h144v144c0 17.67 14.33 32 32 32h32c17.67 0 32-14.33 32-32V304h144c17.67 0 32-14.33 32-32v-32c0-17.67-14.33-32-32-32z\"><\/path><\/svg><\/span>\n\t\t<\/span>\n\n\t\t\t\t\t\t<\/summary>\n\t\t\t\t<div role=\"region\" aria-labelledby=\"e-n-accordion-item-5277\" class=\"elementor-element elementor-element-0f7360a e-con-full e-flex wpr-particle-no wpr-jarallax-no wpr-parallax-no wpr-sticky-section-no wpr-equal-height-no e-con e-child\" data-id=\"0f7360a\" data-element_type=\"container\" data-e-type=\"container\">\n\t\t\t\t<div class=\"elementor-element elementor-element-da5ecc1 elementor-widget elementor-widget-text-editor\" data-id=\"da5ecc1\" data-element_type=\"widget\" data-e-type=\"widget\" data-widget_type=\"text-editor.default\">\n\t\t\t\t\t\t\t\t\t<p>S\u00ed puedes postular, el programa est\u00e1 abierto a estudiantes de los dos \u00faltimos a\u00f1os de estudios y a los egresados\/as en el 2025.<\/p><p>Esto significa que:<\/p><ul><li>En una carrera de cinco a\u00f1os, los\/as postulantes pueden estar cursando actualmente entre el s\u00e9ptimo y el d\u00e9cimo ciclo.<\/li><li>Si la carrera es de seis a\u00f1os, los\/as postulantes pueden estar cursando actualmente entre el noveno y d\u00e9cimo segundo ciclo.<\/li><li>Si la carrera es de siete a\u00f1os, los\/as postulantes deber\u00e1n estar cursando actualmente entre el d\u00e9cimo primero y d\u00e9cimo cuarto ciclo.<\/li><\/ul>\t\t\t\t\t\t\t\t<\/div>\n\t\t\t\t<\/div>\n\t\t\t\t\t<\/details>\n\t\t\t\t\t\t<details id=\"e-n-accordion-item-5278\" class=\"e-n-accordion-item\" >\n\t\t\t\t<summary class=\"e-n-accordion-item-title\" data-accordion-index=\"9\" tabindex=\"-1\" aria-expanded=\"false\" aria-controls=\"e-n-accordion-item-5278\" >\n\t\t\t\t\t<span class='e-n-accordion-item-title-header'><div class=\"e-n-accordion-item-title-text\"> 9. \u00bfCu\u00e1nto cuesta el examen de admisi\u00f3n al programa? <\/div><\/span>\n\t\t\t\t\t\t\t<span class='e-n-accordion-item-title-icon'>\n\t\t\t<span class='e-opened' ><svg aria-hidden=\"true\" class=\"e-font-icon-svg e-fas-minus\" viewBox=\"0 0 448 512\" xmlns=\"http:\/\/www.w3.org\/2000\/svg\"><path d=\"M416 208H32c-17.67 0-32 14.33-32 32v32c0 17.67 14.33 32 32 32h384c17.67 0 32-14.33 32-32v-32c0-17.67-14.33-32-32-32z\"><\/path><\/svg><\/span>\n\t\t\t<span class='e-closed'><svg aria-hidden=\"true\" class=\"e-font-icon-svg e-fas-plus\" viewBox=\"0 0 448 512\" xmlns=\"http:\/\/www.w3.org\/2000\/svg\"><path d=\"M416 208H272V64c0-17.67-14.33-32-32-32h-32c-17.67 0-32 14.33-32 32v144H32c-17.67 0-32 14.33-32 32v32c0 17.67 14.33 32 32 32h144v144c0 17.67 14.33 32 32 32h32c17.67 0 32-14.33 32-32V304h144c17.67 0 32-14.33 32-32v-32c0-17.67-14.33-32-32-32z\"><\/path><\/svg><\/span>\n\t\t<\/span>\n\n\t\t\t\t\t\t<\/summary>\n\t\t\t\t<div role=\"region\" aria-labelledby=\"e-n-accordion-item-5278\" class=\"elementor-element elementor-element-74a6534 e-con-full e-flex wpr-particle-no wpr-jarallax-no wpr-parallax-no wpr-sticky-section-no wpr-equal-height-no e-con e-child\" data-id=\"74a6534\" data-element_type=\"container\" data-e-type=\"container\">\n\t\t\t\t<div class=\"elementor-element elementor-element-ca0bc6c elementor-widget elementor-widget-text-editor\" data-id=\"ca0bc6c\" data-element_type=\"widget\" data-e-type=\"widget\" data-widget_type=\"text-editor.default\">\n\t\t\t\t\t\t\t\t\t<p>Es gratuito. Los postulantes no tienen que efectuar ning\u00fan pago. No obstante, es conveniente que antes de inscribirse, los postulantes est\u00e9n seguros de cumplir con los requisitos. El OEFA puede cruzar la informaci\u00f3n de la ficha de inscripci\u00f3n con la facultad correspondiente de su universidad en cualquier momento, y anular la inscripci\u00f3n de aquellos postulantes que no cumplan con los requisitos y anular la inscripci\u00f3n de aquellos postulantes que no cumplan con los requisitos.<\/p>\t\t\t\t\t\t\t\t<\/div>\n\t\t\t\t<\/div>\n\t\t\t\t\t<\/details>\n\t\t\t\t\t\t<details id=\"e-n-accordion-item-5279\" class=\"e-n-accordion-item\" >\n\t\t\t\t<summary class=\"e-n-accordion-item-title\" data-accordion-index=\"10\" tabindex=\"-1\" aria-expanded=\"false\" aria-controls=\"e-n-accordion-item-5279\" >\n\t\t\t\t\t<span class='e-n-accordion-item-title-header'><div class=\"e-n-accordion-item-title-text\"> 10. \u00bfC\u00f3mo saber si realmente figuro como aptos para rendir la evaluaci\u00f3n? <\/div><\/span>\n\t\t\t\t\t\t\t<span class='e-n-accordion-item-title-icon'>\n\t\t\t<span class='e-opened' ><svg aria-hidden=\"true\" class=\"e-font-icon-svg e-fas-minus\" viewBox=\"0 0 448 512\" xmlns=\"http:\/\/www.w3.org\/2000\/svg\"><path d=\"M416 208H32c-17.67 0-32 14.33-32 32v32c0 17.67 14.33 32 32 32h384c17.67 0 32-14.33 32-32v-32c0-17.67-14.33-32-32-32z\"><\/path><\/svg><\/span>\n\t\t\t<span class='e-closed'><svg aria-hidden=\"true\" class=\"e-font-icon-svg e-fas-plus\" viewBox=\"0 0 448 512\" xmlns=\"http:\/\/www.w3.org\/2000\/svg\"><path d=\"M416 208H272V64c0-17.67-14.33-32-32-32h-32c-17.67 0-32 14.33-32 32v144H32c-17.67 0-32 14.33-32 32v32c0 17.67 14.33 32 32 32h144v144c0 17.67 14.33 32 32 32h32c17.67 0 32-14.33 32-32V304h144c17.67 0 32-14.33 32-32v-32c0-17.67-14.33-32-32-32z\"><\/path><\/svg><\/span>\n\t\t<\/span>\n\n\t\t\t\t\t\t<\/summary>\n\t\t\t\t<div role=\"region\" aria-labelledby=\"e-n-accordion-item-5279\" class=\"elementor-element elementor-element-a621d23 e-con-full e-flex wpr-particle-no wpr-jarallax-no wpr-parallax-no wpr-sticky-section-no wpr-equal-height-no e-con e-child\" data-id=\"a621d23\" data-element_type=\"container\" data-e-type=\"container\">\n\t\t\t\t<div class=\"elementor-element elementor-element-b7a5bfb elementor-widget elementor-widget-text-editor\" data-id=\"b7a5bfb\" data-element_type=\"widget\" data-e-type=\"widget\" data-widget_type=\"text-editor.default\">\n\t\t\t\t\t\t\t\t\t<p>Previamente a la postulaci\u00f3n, debes evaluar si cumples con el perfil solicitado y luego conseguir los documentos requeridos. Una vez realizado ello, estar\u00e1s apto\/a para completar la ficha de postulaci\u00f3n, luego de lo cual podr\u00e1s rendir el examen de admisi\u00f3n.<\/p>\t\t\t\t\t\t\t\t<\/div>\n\t\t\t\t<\/div>\n\t\t\t\t\t<\/details>\n\t\t\t\t\t\t<details id=\"e-n-accordion-item-52710\" class=\"e-n-accordion-item\" >\n\t\t\t\t<summary class=\"e-n-accordion-item-title\" data-accordion-index=\"11\" tabindex=\"-1\" aria-expanded=\"false\" aria-controls=\"e-n-accordion-item-52710\" >\n\t\t\t\t\t<span class='e-n-accordion-item-title-header'><div class=\"e-n-accordion-item-title-text\"> 11. \u00bfC\u00f3mo ser\u00e1 el examen de admisi\u00f3n? <\/div><\/span>\n\t\t\t\t\t\t\t<span class='e-n-accordion-item-title-icon'>\n\t\t\t<span class='e-opened' ><svg aria-hidden=\"true\" class=\"e-font-icon-svg e-fas-minus\" viewBox=\"0 0 448 512\" xmlns=\"http:\/\/www.w3.org\/2000\/svg\"><path d=\"M416 208H32c-17.67 0-32 14.33-32 32v32c0 17.67 14.33 32 32 32h384c17.67 0 32-14.33 32-32v-32c0-17.67-14.33-32-32-32z\"><\/path><\/svg><\/span>\n\t\t\t<span class='e-closed'><svg aria-hidden=\"true\" class=\"e-font-icon-svg e-fas-plus\" viewBox=\"0 0 448 512\" xmlns=\"http:\/\/www.w3.org\/2000\/svg\"><path d=\"M416 208H272V64c0-17.67-14.33-32-32-32h-32c-17.67 0-32 14.33-32 32v144H32c-17.67 0-32 14.33-32 32v32c0 17.67 14.33 32 32 32h144v144c0 17.67 14.33 32 32 32h32c17.67 0 32-14.33 32-32V304h144c17.67 0 32-14.33 32-32v-32c0-17.67-14.33-32-32-32z\"><\/path><\/svg><\/span>\n\t\t<\/span>\n\n\t\t\t\t\t\t<\/summary>\n\t\t\t\t<div role=\"region\" aria-labelledby=\"e-n-accordion-item-52710\" class=\"elementor-element elementor-element-b3fa8d4 e-con-full e-flex wpr-particle-no wpr-jarallax-no wpr-parallax-no wpr-sticky-section-no wpr-equal-height-no e-con e-child\" data-id=\"b3fa8d4\" data-element_type=\"container\" data-e-type=\"container\">\n\t\t\t\t<div class=\"elementor-element elementor-element-17f8682 elementor-widget elementor-widget-text-editor\" data-id=\"17f8682\" data-element_type=\"widget\" data-e-type=\"widget\" data-widget_type=\"text-editor.default\">\n\t\t\t\t\t\t\t\t\t<p>El examen de admisi\u00f3n ser\u00e1 de manera virtual, a trav\u00e9s de la p\u00e1gina web del OEFA.<\/p>\t\t\t\t\t\t\t\t<\/div>\n\t\t\t\t<\/div>\n\t\t\t\t\t<\/details>\n\t\t\t\t\t\t<details id=\"e-n-accordion-item-52711\" class=\"e-n-accordion-item\" >\n\t\t\t\t<summary class=\"e-n-accordion-item-title\" data-accordion-index=\"12\" tabindex=\"-1\" aria-expanded=\"false\" aria-controls=\"e-n-accordion-item-52711\" >\n\t\t\t\t\t<span class='e-n-accordion-item-title-header'><div class=\"e-n-accordion-item-title-text\"> 12. Estudio en Ayacucho, pero estoy viviendo en Lima. \u00bfD\u00f3nde rendir\u00e9 el examen de admisi\u00f3n? <\/div><\/span>\n\t\t\t\t\t\t\t<span class='e-n-accordion-item-title-icon'>\n\t\t\t<span class='e-opened' ><svg aria-hidden=\"true\" class=\"e-font-icon-svg e-fas-minus\" viewBox=\"0 0 448 512\" xmlns=\"http:\/\/www.w3.org\/2000\/svg\"><path d=\"M416 208H32c-17.67 0-32 14.33-32 32v32c0 17.67 14.33 32 32 32h384c17.67 0 32-14.33 32-32v-32c0-17.67-14.33-32-32-32z\"><\/path><\/svg><\/span>\n\t\t\t<span class='e-closed'><svg aria-hidden=\"true\" class=\"e-font-icon-svg e-fas-plus\" viewBox=\"0 0 448 512\" xmlns=\"http:\/\/www.w3.org\/2000\/svg\"><path d=\"M416 208H272V64c0-17.67-14.33-32-32-32h-32c-17.67 0-32 14.33-32 32v144H32c-17.67 0-32 14.33-32 32v32c0 17.67 14.33 32 32 32h144v144c0 17.67 14.33 32 32 32h32c17.67 0 32-14.33 32-32V304h144c17.67 0 32-14.33 32-32v-32c0-17.67-14.33-32-32-32z\"><\/path><\/svg><\/span>\n\t\t<\/span>\n\n\t\t\t\t\t\t<\/summary>\n\t\t\t\t<div role=\"region\" aria-labelledby=\"e-n-accordion-item-52711\" class=\"elementor-element elementor-element-0a51d35 e-con-full e-flex wpr-particle-no wpr-jarallax-no wpr-parallax-no wpr-sticky-section-no wpr-equal-height-no e-con e-child\" data-id=\"0a51d35\" data-element_type=\"container\" data-e-type=\"container\">\n\t\t\t\t<div class=\"elementor-element elementor-element-3c56984 elementor-widget elementor-widget-text-editor\" data-id=\"3c56984\" data-element_type=\"widget\" data-e-type=\"widget\" data-widget_type=\"text-editor.default\">\n\t\t\t\t\t\t\t\t\t<p>Rendir\u00e1s el examen de manera virtual, sugerimos un espacio adecuado con acceso a internet donde puedas rendir tu evaluaci\u00f3n sin interrupciones. Adem\u00e1s, recomendamos revisar los requisitos t\u00e9cnicos m\u00ednimos indicados en la convocatoria.<\/p>\t\t\t\t\t\t\t\t<\/div>\n\t\t\t\t<\/div>\n\t\t\t\t\t<\/details>\n\t\t\t\t\t\t<details id=\"e-n-accordion-item-52712\" class=\"e-n-accordion-item\" >\n\t\t\t\t<summary class=\"e-n-accordion-item-title\" data-accordion-index=\"13\" tabindex=\"-1\" aria-expanded=\"false\" aria-controls=\"e-n-accordion-item-52712\" >\n\t\t\t\t\t<span class='e-n-accordion-item-title-header'><div class=\"e-n-accordion-item-title-text\"> 13. \u00bfD\u00f3nde est\u00e1 la relaci\u00f3n de inscritos para rendir el examen del PEU 2026? <\/div><\/span>\n\t\t\t\t\t\t\t<span class='e-n-accordion-item-title-icon'>\n\t\t\t<span class='e-opened' ><svg aria-hidden=\"true\" class=\"e-font-icon-svg e-fas-minus\" viewBox=\"0 0 448 512\" xmlns=\"http:\/\/www.w3.org\/2000\/svg\"><path d=\"M416 208H32c-17.67 0-32 14.33-32 32v32c0 17.67 14.33 32 32 32h384c17.67 0 32-14.33 32-32v-32c0-17.67-14.33-32-32-32z\"><\/path><\/svg><\/span>\n\t\t\t<span class='e-closed'><svg aria-hidden=\"true\" class=\"e-font-icon-svg e-fas-plus\" viewBox=\"0 0 448 512\" xmlns=\"http:\/\/www.w3.org\/2000\/svg\"><path d=\"M416 208H272V64c0-17.67-14.33-32-32-32h-32c-17.67 0-32 14.33-32 32v144H32c-17.67 0-32 14.33-32 32v32c0 17.67 14.33 32 32 32h144v144c0 17.67 14.33 32 32 32h32c17.67 0 32-14.33 32-32V304h144c17.67 0 32-14.33 32-32v-32c0-17.67-14.33-32-32-32z\"><\/path><\/svg><\/span>\n\t\t<\/span>\n\n\t\t\t\t\t\t<\/summary>\n\t\t\t\t<div role=\"region\" aria-labelledby=\"e-n-accordion-item-52712\" class=\"elementor-element elementor-element-2d99ce3 e-con-full e-flex wpr-particle-no wpr-jarallax-no wpr-parallax-no wpr-sticky-section-no wpr-equal-height-no e-con e-child\" data-id=\"2d99ce3\" data-element_type=\"container\" data-e-type=\"container\">\n\t\t\t\t<div class=\"elementor-element elementor-element-5ab2f29 elementor-widget elementor-widget-text-editor\" data-id=\"5ab2f29\" data-element_type=\"widget\" data-e-type=\"widget\" data-widget_type=\"text-editor.default\">\n\t\t\t\t\t\t\t\t\t<p>La relaci\u00f3n de postulantes se publicar\u00e1 en nuestro <a href=\"https:\/\/www.oefa.gob.pe\/peu2026\/\">minisite<\/a>, luego del cierre de las inscripciones.<\/p>\t\t\t\t\t\t\t\t<\/div>\n\t\t\t\t<\/div>\n\t\t\t\t\t<\/details>\n\t\t\t\t\t\t<details id=\"e-n-accordion-item-52713\" class=\"e-n-accordion-item\" >\n\t\t\t\t<summary class=\"e-n-accordion-item-title\" data-accordion-index=\"14\" tabindex=\"-1\" aria-expanded=\"false\" aria-controls=\"e-n-accordion-item-52713\" >\n\t\t\t\t\t<span class='e-n-accordion-item-title-header'><div class=\"e-n-accordion-item-title-text\"> 14. \u00bfD\u00f3nde puedo revisar la lista de postulantes inscritos? <\/div><\/span>\n\t\t\t\t\t\t\t<span class='e-n-accordion-item-title-icon'>\n\t\t\t<span class='e-opened' ><svg aria-hidden=\"true\" class=\"e-font-icon-svg e-fas-minus\" viewBox=\"0 0 448 512\" xmlns=\"http:\/\/www.w3.org\/2000\/svg\"><path d=\"M416 208H32c-17.67 0-32 14.33-32 32v32c0 17.67 14.33 32 32 32h384c17.67 0 32-14.33 32-32v-32c0-17.67-14.33-32-32-32z\"><\/path><\/svg><\/span>\n\t\t\t<span class='e-closed'><svg aria-hidden=\"true\" class=\"e-font-icon-svg e-fas-plus\" viewBox=\"0 0 448 512\" xmlns=\"http:\/\/www.w3.org\/2000\/svg\"><path d=\"M416 208H272V64c0-17.67-14.33-32-32-32h-32c-17.67 0-32 14.33-32 32v144H32c-17.67 0-32 14.33-32 32v32c0 17.67 14.33 32 32 32h144v144c0 17.67 14.33 32 32 32h32c17.67 0 32-14.33 32-32V304h144c17.67 0 32-14.33 32-32v-32c0-17.67-14.33-32-32-32z\"><\/path><\/svg><\/span>\n\t\t<\/span>\n\n\t\t\t\t\t\t<\/summary>\n\t\t\t\t<div role=\"region\" aria-labelledby=\"e-n-accordion-item-52713\" class=\"elementor-element elementor-element-870da3e e-con-full e-flex wpr-particle-no wpr-jarallax-no wpr-parallax-no wpr-sticky-section-no wpr-equal-height-no e-con e-child\" data-id=\"870da3e\" data-element_type=\"container\" data-e-type=\"container\">\n\t\t\t\t<div class=\"elementor-element elementor-element-5cb3a10 elementor-widget elementor-widget-text-editor\" data-id=\"5cb3a10\" data-element_type=\"widget\" data-e-type=\"widget\" data-widget_type=\"text-editor.default\">\n\t\t\t\t\t\t\t\t\t<p>La lista de postulantes inscritos ser\u00e1 publicada el lunes 17 de noviembre del 2025 en la <a href=\"https:\/\/www.oefa.gob.pe\/peu2026\/\">p\u00e1gina web<\/a><\/p>\t\t\t\t\t\t\t\t<\/div>\n\t\t\t\t<\/div>\n\t\t\t\t\t<\/details>\n\t\t\t\t\t\t<details id=\"e-n-accordion-item-52714\" class=\"e-n-accordion-item\" >\n\t\t\t\t<summary class=\"e-n-accordion-item-title\" data-accordion-index=\"15\" tabindex=\"-1\" aria-expanded=\"false\" aria-controls=\"e-n-accordion-item-52714\" >\n\t\t\t\t\t<span class='e-n-accordion-item-title-header'><div class=\"e-n-accordion-item-title-text\"> 15. \u00bfD\u00f3nde se llevar\u00e1 a cabo el examen de admisi\u00f3n? <\/div><\/span>\n\t\t\t\t\t\t\t<span class='e-n-accordion-item-title-icon'>\n\t\t\t<span class='e-opened' ><svg aria-hidden=\"true\" class=\"e-font-icon-svg e-fas-minus\" viewBox=\"0 0 448 512\" xmlns=\"http:\/\/www.w3.org\/2000\/svg\"><path d=\"M416 208H32c-17.67 0-32 14.33-32 32v32c0 17.67 14.33 32 32 32h384c17.67 0 32-14.33 32-32v-32c0-17.67-14.33-32-32-32z\"><\/path><\/svg><\/span>\n\t\t\t<span class='e-closed'><svg aria-hidden=\"true\" class=\"e-font-icon-svg e-fas-plus\" viewBox=\"0 0 448 512\" xmlns=\"http:\/\/www.w3.org\/2000\/svg\"><path d=\"M416 208H272V64c0-17.67-14.33-32-32-32h-32c-17.67 0-32 14.33-32 32v144H32c-17.67 0-32 14.33-32 32v32c0 17.67 14.33 32 32 32h144v144c0 17.67 14.33 32 32 32h32c17.67 0 32-14.33 32-32V304h144c17.67 0 32-14.33 32-32v-32c0-17.67-14.33-32-32-32z\"><\/path><\/svg><\/span>\n\t\t<\/span>\n\n\t\t\t\t\t\t<\/summary>\n\t\t\t\t<div role=\"region\" aria-labelledby=\"e-n-accordion-item-52714\" class=\"elementor-element elementor-element-3372abd e-con-full e-flex wpr-particle-no wpr-jarallax-no wpr-parallax-no wpr-sticky-section-no wpr-equal-height-no e-con e-child\" data-id=\"3372abd\" data-element_type=\"container\" data-e-type=\"container\">\n\t\t\t\t<div class=\"elementor-element elementor-element-8dfb7dc elementor-widget elementor-widget-text-editor\" data-id=\"8dfb7dc\" data-element_type=\"widget\" data-e-type=\"widget\" data-widget_type=\"text-editor.default\">\n\t\t\t\t\t\t\t\t\t<p>El examen ser\u00e1 aplicado de manera virtual el domingo 30 de noviembre del 2026.<br \/>El postulante deber\u00e1 revisar el sitio web.<\/p>\t\t\t\t\t\t\t\t<\/div>\n\t\t\t\t<\/div>\n\t\t\t\t\t<\/details>\n\t\t\t\t\t\t<details id=\"e-n-accordion-item-52715\" class=\"e-n-accordion-item\" >\n\t\t\t\t<summary class=\"e-n-accordion-item-title\" data-accordion-index=\"16\" tabindex=\"-1\" aria-expanded=\"false\" aria-controls=\"e-n-accordion-item-52715\" >\n\t\t\t\t\t<span class='e-n-accordion-item-title-header'><div class=\"e-n-accordion-item-title-text\"> 16. Si no puedo dar el examen por motivos de fuerza mayor, \u00bfhabr\u00e1 otra fecha para rendirlo? <\/div><\/span>\n\t\t\t\t\t\t\t<span class='e-n-accordion-item-title-icon'>\n\t\t\t<span class='e-opened' ><svg aria-hidden=\"true\" class=\"e-font-icon-svg e-fas-minus\" viewBox=\"0 0 448 512\" xmlns=\"http:\/\/www.w3.org\/2000\/svg\"><path d=\"M416 208H32c-17.67 0-32 14.33-32 32v32c0 17.67 14.33 32 32 32h384c17.67 0 32-14.33 32-32v-32c0-17.67-14.33-32-32-32z\"><\/path><\/svg><\/span>\n\t\t\t<span class='e-closed'><svg aria-hidden=\"true\" class=\"e-font-icon-svg e-fas-plus\" viewBox=\"0 0 448 512\" xmlns=\"http:\/\/www.w3.org\/2000\/svg\"><path d=\"M416 208H272V64c0-17.67-14.33-32-32-32h-32c-17.67 0-32 14.33-32 32v144H32c-17.67 0-32 14.33-32 32v32c0 17.67 14.33 32 32 32h144v144c0 17.67 14.33 32 32 32h32c17.67 0 32-14.33 32-32V304h144c17.67 0 32-14.33 32-32v-32c0-17.67-14.33-32-32-32z\"><\/path><\/svg><\/span>\n\t\t<\/span>\n\n\t\t\t\t\t\t<\/summary>\n\t\t\t\t<div role=\"region\" aria-labelledby=\"e-n-accordion-item-52715\" class=\"elementor-element elementor-element-9138fe5 e-con-full e-flex wpr-particle-no wpr-jarallax-no wpr-parallax-no wpr-sticky-section-no wpr-equal-height-no e-con e-child\" data-id=\"9138fe5\" data-element_type=\"container\" data-e-type=\"container\">\n\t\t\t\t<div class=\"elementor-element elementor-element-2eecd26 elementor-widget elementor-widget-text-editor\" data-id=\"2eecd26\" data-element_type=\"widget\" data-e-type=\"widget\" data-widget_type=\"text-editor.default\">\n\t\t\t\t\t\t\t\t\t<p>No, la fecha para rendir el examen es \u00fanica y no se tiene programada otra fecha distinta para tomar el examen de admisi\u00f3n.<\/p>\t\t\t\t\t\t\t\t<\/div>\n\t\t\t\t<\/div>\n\t\t\t\t\t<\/details>\n\t\t\t\t\t\t<details id=\"e-n-accordion-item-52716\" class=\"e-n-accordion-item\" >\n\t\t\t\t<summary class=\"e-n-accordion-item-title\" data-accordion-index=\"17\" tabindex=\"-1\" aria-expanded=\"false\" aria-controls=\"e-n-accordion-item-52716\" >\n\t\t\t\t\t<span class='e-n-accordion-item-title-header'><div class=\"e-n-accordion-item-title-text\"> 17. \u00bfCu\u00e1les son los temas a evaluar en el examen de admisi\u00f3n? <\/div><\/span>\n\t\t\t\t\t\t\t<span class='e-n-accordion-item-title-icon'>\n\t\t\t<span class='e-opened' ><svg aria-hidden=\"true\" class=\"e-font-icon-svg e-fas-minus\" viewBox=\"0 0 448 512\" xmlns=\"http:\/\/www.w3.org\/2000\/svg\"><path d=\"M416 208H32c-17.67 0-32 14.33-32 32v32c0 17.67 14.33 32 32 32h384c17.67 0 32-14.33 32-32v-32c0-17.67-14.33-32-32-32z\"><\/path><\/svg><\/span>\n\t\t\t<span class='e-closed'><svg aria-hidden=\"true\" class=\"e-font-icon-svg e-fas-plus\" viewBox=\"0 0 448 512\" xmlns=\"http:\/\/www.w3.org\/2000\/svg\"><path d=\"M416 208H272V64c0-17.67-14.33-32-32-32h-32c-17.67 0-32 14.33-32 32v144H32c-17.67 0-32 14.33-32 32v32c0 17.67 14.33 32 32 32h144v144c0 17.67 14.33 32 32 32h32c17.67 0 32-14.33 32-32V304h144c17.67 0 32-14.33 32-32v-32c0-17.67-14.33-32-32-32z\"><\/path><\/svg><\/span>\n\t\t<\/span>\n\n\t\t\t\t\t\t<\/summary>\n\t\t\t\t<div role=\"region\" aria-labelledby=\"e-n-accordion-item-52716\" class=\"elementor-element elementor-element-8a78a48 e-con-full e-flex wpr-particle-no wpr-jarallax-no wpr-parallax-no wpr-sticky-section-no wpr-equal-height-no e-con e-child\" data-id=\"8a78a48\" data-element_type=\"container\" data-e-type=\"container\">\n\t\t\t\t<div class=\"elementor-element elementor-element-9232066 elementor-widget elementor-widget-text-editor\" data-id=\"9232066\" data-element_type=\"widget\" data-e-type=\"widget\" data-widget_type=\"text-editor.default\">\n\t\t\t\t\t\t\t\t\t<p>El examen constar\u00e1 de dos partes:<\/p><ul><li>Parte 1 (20 preguntas): 10 de razonamiento verbal y 10 de razonamiento matem\u00e1tico.<\/li><li>Parte 2 (30 preguntas) de conocimiento de la especialidad (ciencias, ciencias sociales, derecho y econom\u00eda).<\/li><\/ul><p><strong>Para la especialidad de ciencias sociales, los temas son los siguientes:<\/strong><\/p>\t\t\t\t\t\t\t\t<\/div>\n\t\t\t\t<div class=\"elementor-element elementor-element-245b906 elementor-widget elementor-widget-n-accordion\" data-id=\"245b906\" data-element_type=\"widget\" data-e-type=\"widget\" data-settings=\"{&quot;default_state&quot;:&quot;all_collapsed&quot;,&quot;max_items_expended&quot;:&quot;one&quot;,&quot;n_accordion_animation_duration&quot;:{&quot;unit&quot;:&quot;ms&quot;,&quot;size&quot;:400,&quot;sizes&quot;:[]}}\" data-widget_type=\"nested-accordion.default\">\n\t\t\t\t\t\t\t<div class=\"e-n-accordion\" aria-label=\"Accordion. Open links with Enter or Space, close with Escape, and navigate with Arrow Keys\">\n\t\t\t\t\t\t<details id=\"e-n-accordion-item-3810\" class=\"e-n-accordion-item\" >\n\t\t\t\t<summary class=\"e-n-accordion-item-title\" data-accordion-index=\"1\" tabindex=\"0\" aria-expanded=\"false\" aria-controls=\"e-n-accordion-item-3810\" >\n\t\t\t\t\t<span class='e-n-accordion-item-title-header'><div class=\"e-n-accordion-item-title-text\"> Ciencia pol\u00edtica <\/div><\/span>\n\t\t\t\t\t\t\t<span class='e-n-accordion-item-title-icon'>\n\t\t\t<span class='e-opened' ><svg aria-hidden=\"true\" class=\"e-font-icon-svg e-fas-minus\" viewBox=\"0 0 448 512\" xmlns=\"http:\/\/www.w3.org\/2000\/svg\"><path d=\"M416 208H32c-17.67 0-32 14.33-32 32v32c0 17.67 14.33 32 32 32h384c17.67 0 32-14.33 32-32v-32c0-17.67-14.33-32-32-32z\"><\/path><\/svg><\/span>\n\t\t\t<span class='e-closed'><svg aria-hidden=\"true\" class=\"e-font-icon-svg e-fas-plus\" viewBox=\"0 0 448 512\" xmlns=\"http:\/\/www.w3.org\/2000\/svg\"><path d=\"M416 208H272V64c0-17.67-14.33-32-32-32h-32c-17.67 0-32 14.33-32 32v144H32c-17.67 0-32 14.33-32 32v32c0 17.67 14.33 32 32 32h144v144c0 17.67 14.33 32 32 32h32c17.67 0 32-14.33 32-32V304h144c17.67 0 32-14.33 32-32v-32c0-17.67-14.33-32-32-32z\"><\/path><\/svg><\/span>\n\t\t<\/span>\n\n\t\t\t\t\t\t<\/summary>\n\t\t\t\t<div role=\"region region\" aria-labelledby=\"e-n-accordion-item-52716 e-n-accordion-item-3810\" class=\"elementor-element elementor-element-7680ada e-con-full e-flex wpr-particle-no wpr-jarallax-no wpr-parallax-no wpr-sticky-section-no wpr-equal-height-no e-con e-child\" data-id=\"7680ada\" data-element_type=\"container\" data-e-type=\"container\">\n\t\t\t\t<div class=\"elementor-element elementor-element-607b707 elementor-widget elementor-widget-text-editor\" data-id=\"607b707\" data-element_type=\"widget\" data-e-type=\"widget\" data-widget_type=\"text-editor.default\">\n\t\t\t\t\t\t\t\t\t<ul><li>Democracia y gobernabilidad<\/li><li>Modelos de desarrollo<\/li><li>Medio ambiente y sostenibilidad<\/li><li>Movimientos sociales y acci\u00f3n colectiva<\/li><li>Globalizaci\u00f3n y realidad Nacional<\/li><li>Gesti\u00f3n de conflictos sociales<\/li><li>Mecanismos de participaci\u00f3n ciudadana<\/li><li>Gesti\u00f3n p\u00fablica<\/li><li>Descentralizaci\u00f3n<\/li><li>Cultura e interculturalidad<\/li><li>Responsabilidad social<\/li><li>Sociedad y g\u00e9nero<\/li><li>Relaciones comunitarias<\/li><\/ul>\t\t\t\t\t\t\t\t<\/div>\n\t\t\t\t<\/div>\n\t\t\t\t\t<\/details>\n\t\t\t\t\t\t<details id=\"e-n-accordion-item-3811\" class=\"e-n-accordion-item\" >\n\t\t\t\t<summary class=\"e-n-accordion-item-title\" data-accordion-index=\"2\" tabindex=\"-1\" aria-expanded=\"false\" aria-controls=\"e-n-accordion-item-3811\" >\n\t\t\t\t\t<span class='e-n-accordion-item-title-header'><div class=\"e-n-accordion-item-title-text\"> Sociolog\u00eda <\/div><\/span>\n\t\t\t\t\t\t\t<span class='e-n-accordion-item-title-icon'>\n\t\t\t<span class='e-opened' ><svg aria-hidden=\"true\" class=\"e-font-icon-svg e-fas-minus\" viewBox=\"0 0 448 512\" xmlns=\"http:\/\/www.w3.org\/2000\/svg\"><path d=\"M416 208H32c-17.67 0-32 14.33-32 32v32c0 17.67 14.33 32 32 32h384c17.67 0 32-14.33 32-32v-32c0-17.67-14.33-32-32-32z\"><\/path><\/svg><\/span>\n\t\t\t<span class='e-closed'><svg aria-hidden=\"true\" class=\"e-font-icon-svg e-fas-plus\" viewBox=\"0 0 448 512\" xmlns=\"http:\/\/www.w3.org\/2000\/svg\"><path d=\"M416 208H272V64c0-17.67-14.33-32-32-32h-32c-17.67 0-32 14.33-32 32v144H32c-17.67 0-32 14.33-32 32v32c0 17.67 14.33 32 32 32h144v144c0 17.67 14.33 32 32 32h32c17.67 0 32-14.33 32-32V304h144c17.67 0 32-14.33 32-32v-32c0-17.67-14.33-32-32-32z\"><\/path><\/svg><\/span>\n\t\t<\/span>\n\n\t\t\t\t\t\t<\/summary>\n\t\t\t\t<div role=\"region region\" aria-labelledby=\"e-n-accordion-item-52716 e-n-accordion-item-3811\" class=\"elementor-element elementor-element-3e5756d e-con-full e-flex wpr-particle-no wpr-jarallax-no wpr-parallax-no wpr-sticky-section-no wpr-equal-height-no e-con e-child\" data-id=\"3e5756d\" data-element_type=\"container\" data-e-type=\"container\">\n\t\t\t\t<div class=\"elementor-element elementor-element-1e0f208 elementor-widget elementor-widget-text-editor\" data-id=\"1e0f208\" data-element_type=\"widget\" data-e-type=\"widget\" data-widget_type=\"text-editor.default\">\n\t\t\t\t\t\t\t\t\t<ul><li>Democracia y gobernabilidad<\/li><li>Modelos de desarrollo<\/li><li>Medio ambiente y sostenibilidad<\/li><li>Movimientos sociales y acci\u00f3n colectiva<\/li><li>Globalizaci\u00f3n y realidad nacional<\/li><li>Gesti\u00f3n de conflictos sociales<\/li><li>Mecanismos de participaci\u00f3n ciudadana<\/li><li>Gesti\u00f3n p\u00fablica<\/li><li>Descentralizaci\u00f3n<\/li><li>Cultura e interculturalidad<\/li><li>Responsabilidad social<\/li><li>Sociedad y g\u00e9nero<\/li><li>Relaciones comunitarias<\/li><\/ul>\t\t\t\t\t\t\t\t<\/div>\n\t\t\t\t<\/div>\n\t\t\t\t\t<\/details>\n\t\t\t\t\t\t<details id=\"e-n-accordion-item-3812\" class=\"e-n-accordion-item\" >\n\t\t\t\t<summary class=\"e-n-accordion-item-title\" data-accordion-index=\"3\" tabindex=\"-1\" aria-expanded=\"false\" aria-controls=\"e-n-accordion-item-3812\" >\n\t\t\t\t\t<span class='e-n-accordion-item-title-header'><div class=\"e-n-accordion-item-title-text\"> Antropolog\u00eda <\/div><\/span>\n\t\t\t\t\t\t\t<span class='e-n-accordion-item-title-icon'>\n\t\t\t<span class='e-opened' ><svg aria-hidden=\"true\" class=\"e-font-icon-svg e-fas-minus\" viewBox=\"0 0 448 512\" xmlns=\"http:\/\/www.w3.org\/2000\/svg\"><path d=\"M416 208H32c-17.67 0-32 14.33-32 32v32c0 17.67 14.33 32 32 32h384c17.67 0 32-14.33 32-32v-32c0-17.67-14.33-32-32-32z\"><\/path><\/svg><\/span>\n\t\t\t<span class='e-closed'><svg aria-hidden=\"true\" class=\"e-font-icon-svg e-fas-plus\" viewBox=\"0 0 448 512\" xmlns=\"http:\/\/www.w3.org\/2000\/svg\"><path d=\"M416 208H272V64c0-17.67-14.33-32-32-32h-32c-17.67 0-32 14.33-32 32v144H32c-17.67 0-32 14.33-32 32v32c0 17.67 14.33 32 32 32h144v144c0 17.67 14.33 32 32 32h32c17.67 0 32-14.33 32-32V304h144c17.67 0 32-14.33 32-32v-32c0-17.67-14.33-32-32-32z\"><\/path><\/svg><\/span>\n\t\t<\/span>\n\n\t\t\t\t\t\t<\/summary>\n\t\t\t\t<div role=\"region region\" aria-labelledby=\"e-n-accordion-item-52716 e-n-accordion-item-3812\" class=\"elementor-element elementor-element-4157801 e-con-full e-flex wpr-particle-no wpr-jarallax-no wpr-parallax-no wpr-sticky-section-no wpr-equal-height-no e-con e-child\" data-id=\"4157801\" data-element_type=\"container\" data-e-type=\"container\">\n\t\t\t\t<div class=\"elementor-element elementor-element-6faea15 elementor-widget elementor-widget-text-editor\" data-id=\"6faea15\" data-element_type=\"widget\" data-e-type=\"widget\" data-widget_type=\"text-editor.default\">\n\t\t\t\t\t\t\t\t\t<ul><li>Democracia y gobernabilidad<\/li><li>Modelos de desarrollo<\/li><li>Medio ambiente y sostenibilidad<\/li><li>Movimientos sociales y acci\u00f3n colectiva<\/li><li>Globalizaci\u00f3n y realidad nacional<\/li><li>Gesti\u00f3n de conflictos sociales<\/li><li>Mecanismos de participaci\u00f3n ciudadana<\/li><li>Gesti\u00f3n p\u00fablica<\/li><li>Descentralizaci\u00f3n<\/li><li>Cultura e interculturalidad<\/li><li>Responsabilidad social<\/li><li>Sociedad y g\u00e9nero<\/li><li>Relaciones comunitarias<\/li><\/ul>\t\t\t\t\t\t\t\t<\/div>\n\t\t\t\t<\/div>\n\t\t\t\t\t<\/details>\n\t\t\t\t\t<\/div>\n\t\t\t\t\t\t<\/div>\n\t\t\t\t<div class=\"elementor-element elementor-element-a2425a0 elementor-widget elementor-widget-text-editor\" data-id=\"a2425a0\" data-element_type=\"widget\" data-e-type=\"widget\" data-widget_type=\"text-editor.default\">\n\t\t\t\t\t\t\t\t\t<p><strong>Para la especialidad de econom\u00eda, los temas son los siguientes:<\/strong><\/p>\t\t\t\t\t\t\t\t<\/div>\n\t\t\t\t<div class=\"elementor-element elementor-element-ad43ac1 elementor-widget elementor-widget-n-accordion\" data-id=\"ad43ac1\" data-element_type=\"widget\" data-e-type=\"widget\" data-settings=\"{&quot;default_state&quot;:&quot;all_collapsed&quot;,&quot;max_items_expended&quot;:&quot;one&quot;,&quot;n_accordion_animation_duration&quot;:{&quot;unit&quot;:&quot;ms&quot;,&quot;size&quot;:400,&quot;sizes&quot;:[]}}\" data-widget_type=\"nested-accordion.default\">\n\t\t\t\t\t\t\t<div class=\"e-n-accordion\" aria-label=\"Accordion. Open links with Enter or Space, close with Escape, and navigate with Arrow Keys\">\n\t\t\t\t\t\t<details id=\"e-n-accordion-item-1810\" class=\"e-n-accordion-item\" >\n\t\t\t\t<summary class=\"e-n-accordion-item-title\" data-accordion-index=\"1\" tabindex=\"0\" aria-expanded=\"false\" aria-controls=\"e-n-accordion-item-1810\" >\n\t\t\t\t\t<span class='e-n-accordion-item-title-header'><div class=\"e-n-accordion-item-title-text\"> Microeconom\u00eda <\/div><\/span>\n\t\t\t\t\t\t\t<span class='e-n-accordion-item-title-icon'>\n\t\t\t<span class='e-opened' ><svg aria-hidden=\"true\" class=\"e-font-icon-svg e-fas-minus\" viewBox=\"0 0 448 512\" xmlns=\"http:\/\/www.w3.org\/2000\/svg\"><path d=\"M416 208H32c-17.67 0-32 14.33-32 32v32c0 17.67 14.33 32 32 32h384c17.67 0 32-14.33 32-32v-32c0-17.67-14.33-32-32-32z\"><\/path><\/svg><\/span>\n\t\t\t<span class='e-closed'><svg aria-hidden=\"true\" class=\"e-font-icon-svg e-fas-plus\" viewBox=\"0 0 448 512\" xmlns=\"http:\/\/www.w3.org\/2000\/svg\"><path d=\"M416 208H272V64c0-17.67-14.33-32-32-32h-32c-17.67 0-32 14.33-32 32v144H32c-17.67 0-32 14.33-32 32v32c0 17.67 14.33 32 32 32h144v144c0 17.67 14.33 32 32 32h32c17.67 0 32-14.33 32-32V304h144c17.67 0 32-14.33 32-32v-32c0-17.67-14.33-32-32-32z\"><\/path><\/svg><\/span>\n\t\t<\/span>\n\n\t\t\t\t\t\t<\/summary>\n\t\t\t\t<div role=\"region region\" aria-labelledby=\"e-n-accordion-item-52716 e-n-accordion-item-1810\" class=\"elementor-element elementor-element-e3c9603 e-con-full e-flex wpr-particle-no wpr-jarallax-no wpr-parallax-no wpr-sticky-section-no wpr-equal-height-no e-con e-child\" data-id=\"e3c9603\" data-element_type=\"container\" data-e-type=\"container\">\n\t\t\t\t<div class=\"elementor-element elementor-element-1bc4aea elementor-widget elementor-widget-text-editor\" data-id=\"1bc4aea\" data-element_type=\"widget\" data-e-type=\"widget\" data-widget_type=\"text-editor.default\">\n\t\t\t\t\t\t\t\t\t<ul><li>Sistemas de cuentas nacionales<\/li><li>Modelos de equilibrio de gasto agregado<\/li><li>An\u00e1lisis IS-LM: interacci\u00f3n entre los mercados de bienes y dinero<\/li><li>Pol\u00edtica monetaria y fiscal en econom\u00edas cerradas<\/li><li>Pol\u00edtica monetaria y fiscal en econom\u00edas abiertas<\/li><li>Curvas de demanda y oferta agregada<\/li><li>Equilibrio macroecon\u00f3mico entre demanda y oferta agregada<\/li><\/ul>\t\t\t\t\t\t\t\t<\/div>\n\t\t\t\t<\/div>\n\t\t\t\t\t<\/details>\n\t\t\t\t\t\t<details id=\"e-n-accordion-item-1811\" class=\"e-n-accordion-item\" >\n\t\t\t\t<summary class=\"e-n-accordion-item-title\" data-accordion-index=\"2\" tabindex=\"-1\" aria-expanded=\"false\" aria-controls=\"e-n-accordion-item-1811\" >\n\t\t\t\t\t<span class='e-n-accordion-item-title-header'><div class=\"e-n-accordion-item-title-text\"> Macroeconom\u00eda <\/div><\/span>\n\t\t\t\t\t\t\t<span class='e-n-accordion-item-title-icon'>\n\t\t\t<span class='e-opened' ><svg aria-hidden=\"true\" class=\"e-font-icon-svg e-fas-minus\" viewBox=\"0 0 448 512\" xmlns=\"http:\/\/www.w3.org\/2000\/svg\"><path d=\"M416 208H32c-17.67 0-32 14.33-32 32v32c0 17.67 14.33 32 32 32h384c17.67 0 32-14.33 32-32v-32c0-17.67-14.33-32-32-32z\"><\/path><\/svg><\/span>\n\t\t\t<span class='e-closed'><svg aria-hidden=\"true\" class=\"e-font-icon-svg e-fas-plus\" viewBox=\"0 0 448 512\" xmlns=\"http:\/\/www.w3.org\/2000\/svg\"><path d=\"M416 208H272V64c0-17.67-14.33-32-32-32h-32c-17.67 0-32 14.33-32 32v144H32c-17.67 0-32 14.33-32 32v32c0 17.67 14.33 32 32 32h144v144c0 17.67 14.33 32 32 32h32c17.67 0 32-14.33 32-32V304h144c17.67 0 32-14.33 32-32v-32c0-17.67-14.33-32-32-32z\"><\/path><\/svg><\/span>\n\t\t<\/span>\n\n\t\t\t\t\t\t<\/summary>\n\t\t\t\t<div role=\"region region\" aria-labelledby=\"e-n-accordion-item-52716 e-n-accordion-item-1811\" class=\"elementor-element elementor-element-19ababc e-con-full e-flex wpr-particle-no wpr-jarallax-no wpr-parallax-no wpr-sticky-section-no wpr-equal-height-no e-con e-child\" data-id=\"19ababc\" data-element_type=\"container\" data-e-type=\"container\">\n\t\t\t\t<div class=\"elementor-element elementor-element-c40cbb8 elementor-widget elementor-widget-text-editor\" data-id=\"c40cbb8\" data-element_type=\"widget\" data-e-type=\"widget\" data-widget_type=\"text-editor.default\">\n\t\t\t\t\t\t\t\t\t<ul><li>Democracia y gobernabilidad<\/li><li>Modelos de desarrollo<\/li><li>Medio ambiente y sostenibilidad<\/li><li>Movimientos sociales y acci\u00f3n colectiva<\/li><li>Globalizaci\u00f3n y realidad nacional<\/li><li>Gesti\u00f3n de conflictos sociales<\/li><li>Mecanismos de participaci\u00f3n ciudadana<\/li><li>Gesti\u00f3n p\u00fablica<\/li><li>Descentralizaci\u00f3n<\/li><li>Cultura e interculturalidad<\/li><li>Responsabilidad social<\/li><li>Sociedad y g\u00e9nero<\/li><li>Relaciones comunitarias<\/li><\/ul>\t\t\t\t\t\t\t\t<\/div>\n\t\t\t\t<\/div>\n\t\t\t\t\t<\/details>\n\t\t\t\t\t\t<details id=\"e-n-accordion-item-1812\" class=\"e-n-accordion-item\" >\n\t\t\t\t<summary class=\"e-n-accordion-item-title\" data-accordion-index=\"3\" tabindex=\"-1\" aria-expanded=\"false\" aria-controls=\"e-n-accordion-item-1812\" >\n\t\t\t\t\t<span class='e-n-accordion-item-title-header'><div class=\"e-n-accordion-item-title-text\"> Matem\u00e1ticas y finanzas para econom\u00eda <\/div><\/span>\n\t\t\t\t\t\t\t<span class='e-n-accordion-item-title-icon'>\n\t\t\t<span class='e-opened' ><svg aria-hidden=\"true\" class=\"e-font-icon-svg e-fas-minus\" viewBox=\"0 0 448 512\" xmlns=\"http:\/\/www.w3.org\/2000\/svg\"><path d=\"M416 208H32c-17.67 0-32 14.33-32 32v32c0 17.67 14.33 32 32 32h384c17.67 0 32-14.33 32-32v-32c0-17.67-14.33-32-32-32z\"><\/path><\/svg><\/span>\n\t\t\t<span class='e-closed'><svg aria-hidden=\"true\" class=\"e-font-icon-svg e-fas-plus\" viewBox=\"0 0 448 512\" xmlns=\"http:\/\/www.w3.org\/2000\/svg\"><path d=\"M416 208H272V64c0-17.67-14.33-32-32-32h-32c-17.67 0-32 14.33-32 32v144H32c-17.67 0-32 14.33-32 32v32c0 17.67 14.33 32 32 32h144v144c0 17.67 14.33 32 32 32h32c17.67 0 32-14.33 32-32V304h144c17.67 0 32-14.33 32-32v-32c0-17.67-14.33-32-32-32z\"><\/path><\/svg><\/span>\n\t\t<\/span>\n\n\t\t\t\t\t\t<\/summary>\n\t\t\t\t<div role=\"region region\" aria-labelledby=\"e-n-accordion-item-52716 e-n-accordion-item-1812\" class=\"elementor-element elementor-element-d265641 e-con-full e-flex wpr-particle-no wpr-jarallax-no wpr-parallax-no wpr-sticky-section-no wpr-equal-height-no e-con e-child\" data-id=\"d265641\" data-element_type=\"container\" data-e-type=\"container\">\n\t\t\t\t<div class=\"elementor-element elementor-element-cb24f9b elementor-widget elementor-widget-text-editor\" data-id=\"cb24f9b\" data-element_type=\"widget\" data-e-type=\"widget\" data-widget_type=\"text-editor.default\">\n\t\t\t\t\t\t\t\t\t<ul><li>Funciones de una variable<\/li><li>La derivada y principios de diferenciaci\u00f3n<\/li><li>La integral y reglas de integraci\u00f3n<\/li><li>\u00c1lgebra lineal y matrices<\/li><li>Est\u00e1tica comparativa<\/li><\/ul>\t\t\t\t\t\t\t\t<\/div>\n\t\t\t\t<\/div>\n\t\t\t\t\t<\/details>\n\t\t\t\t\t\t<details id=\"e-n-accordion-item-1813\" class=\"e-n-accordion-item\" >\n\t\t\t\t<summary class=\"e-n-accordion-item-title\" data-accordion-index=\"4\" tabindex=\"-1\" aria-expanded=\"false\" aria-controls=\"e-n-accordion-item-1813\" >\n\t\t\t\t\t<span class='e-n-accordion-item-title-header'><div class=\"e-n-accordion-item-title-text\"> Econometr\u00eda y estad\u00edstica <\/div><\/span>\n\t\t\t\t\t\t\t<span class='e-n-accordion-item-title-icon'>\n\t\t\t<span class='e-opened' ><svg aria-hidden=\"true\" class=\"e-font-icon-svg e-fas-minus\" viewBox=\"0 0 448 512\" xmlns=\"http:\/\/www.w3.org\/2000\/svg\"><path d=\"M416 208H32c-17.67 0-32 14.33-32 32v32c0 17.67 14.33 32 32 32h384c17.67 0 32-14.33 32-32v-32c0-17.67-14.33-32-32-32z\"><\/path><\/svg><\/span>\n\t\t\t<span class='e-closed'><svg aria-hidden=\"true\" class=\"e-font-icon-svg e-fas-plus\" viewBox=\"0 0 448 512\" xmlns=\"http:\/\/www.w3.org\/2000\/svg\"><path d=\"M416 208H272V64c0-17.67-14.33-32-32-32h-32c-17.67 0-32 14.33-32 32v144H32c-17.67 0-32 14.33-32 32v32c0 17.67 14.33 32 32 32h144v144c0 17.67 14.33 32 32 32h32c17.67 0 32-14.33 32-32V304h144c17.67 0 32-14.33 32-32v-32c0-17.67-14.33-32-32-32z\"><\/path><\/svg><\/span>\n\t\t<\/span>\n\n\t\t\t\t\t\t<\/summary>\n\t\t\t\t<div role=\"region region\" aria-labelledby=\"e-n-accordion-item-52716 e-n-accordion-item-1813\" class=\"elementor-element elementor-element-cad5b8b e-con-full e-flex wpr-particle-no wpr-jarallax-no wpr-parallax-no wpr-sticky-section-no wpr-equal-height-no e-con e-child\" data-id=\"cad5b8b\" data-element_type=\"container\" data-e-type=\"container\">\n\t\t\t\t<div class=\"elementor-element elementor-element-d258e3f elementor-widget elementor-widget-text-editor\" data-id=\"d258e3f\" data-element_type=\"widget\" data-e-type=\"widget\" data-widget_type=\"text-editor.default\">\n\t\t\t\t\t\t\t\t\t<ul><li>Estad\u00edstica descriptiva e inferencial<\/li><li>An\u00e1lisis de regresi\u00f3n: simple y m\u00faltiple<\/li><li>M\u00e9todos de estimaci\u00f3n de par\u00e1metros: MCO<\/li><li>Supuestos del modelo lineal general<\/li><li>Introducci\u00f3n al an\u00e1lisis de series de tiempo<\/li><li>Introducci\u00f3n al an\u00e1lisis de corte transversal<\/li><\/ul>\t\t\t\t\t\t\t\t<\/div>\n\t\t\t\t<\/div>\n\t\t\t\t\t<\/details>\n\t\t\t\t\t\t<details id=\"e-n-accordion-item-1814\" class=\"e-n-accordion-item\" >\n\t\t\t\t<summary class=\"e-n-accordion-item-title\" data-accordion-index=\"5\" tabindex=\"-1\" aria-expanded=\"false\" aria-controls=\"e-n-accordion-item-1814\" >\n\t\t\t\t\t<span class='e-n-accordion-item-title-header'><div class=\"e-n-accordion-item-title-text\"> An\u00e1lisis cuantitativo para econom\u00eda <\/div><\/span>\n\t\t\t\t\t\t\t<span class='e-n-accordion-item-title-icon'>\n\t\t\t<span class='e-opened' ><svg aria-hidden=\"true\" class=\"e-font-icon-svg e-fas-minus\" viewBox=\"0 0 448 512\" xmlns=\"http:\/\/www.w3.org\/2000\/svg\"><path d=\"M416 208H32c-17.67 0-32 14.33-32 32v32c0 17.67 14.33 32 32 32h384c17.67 0 32-14.33 32-32v-32c0-17.67-14.33-32-32-32z\"><\/path><\/svg><\/span>\n\t\t\t<span class='e-closed'><svg aria-hidden=\"true\" class=\"e-font-icon-svg e-fas-plus\" viewBox=\"0 0 448 512\" xmlns=\"http:\/\/www.w3.org\/2000\/svg\"><path d=\"M416 208H272V64c0-17.67-14.33-32-32-32h-32c-17.67 0-32 14.33-32 32v144H32c-17.67 0-32 14.33-32 32v32c0 17.67 14.33 32 32 32h144v144c0 17.67 14.33 32 32 32h32c17.67 0 32-14.33 32-32V304h144c17.67 0 32-14.33 32-32v-32c0-17.67-14.33-32-32-32z\"><\/path><\/svg><\/span>\n\t\t<\/span>\n\n\t\t\t\t\t\t<\/summary>\n\t\t\t\t<div role=\"region region\" aria-labelledby=\"e-n-accordion-item-52716 e-n-accordion-item-1814\" class=\"elementor-element elementor-element-df149fd e-con-full e-flex wpr-particle-no wpr-jarallax-no wpr-parallax-no wpr-sticky-section-no wpr-equal-height-no e-con e-child\" data-id=\"df149fd\" data-element_type=\"container\" data-e-type=\"container\">\n\t\t\t\t<div class=\"elementor-element elementor-element-5ab4cb9 elementor-widget elementor-widget-text-editor\" data-id=\"5ab4cb9\" data-element_type=\"widget\" data-e-type=\"widget\" data-widget_type=\"text-editor.default\">\n\t\t\t\t\t\t\t\t\t<ul><li>Funci\u00f3n de producci\u00f3n Cobb-Douglas<\/li><li>Modelo de crecimiento de Solow<\/li><li>Teorema de Coase<\/li><li>Curva ambiental de Kuznets<\/li><li>Contaminaci\u00f3n optima<\/li><li>Instrumentos de pol\u00edtica ambiental<\/li><\/ul>\t\t\t\t\t\t\t\t<\/div>\n\t\t\t\t<\/div>\n\t\t\t\t\t<\/details>\n\t\t\t\t\t<\/div>\n\t\t\t\t\t\t<\/div>\n\t\t\t\t<div class=\"elementor-element elementor-element-1ce7117 elementor-widget elementor-widget-text-editor\" data-id=\"1ce7117\" data-element_type=\"widget\" data-e-type=\"widget\" data-widget_type=\"text-editor.default\">\n\t\t\t\t\t\t\t\t\t<p><strong>Para la especialidad de derecho, los temas son los siguientes:<\/strong><\/p>\t\t\t\t\t\t\t\t<\/div>\n\t\t\t\t<div class=\"elementor-element elementor-element-87df088 elementor-widget elementor-widget-n-accordion\" data-id=\"87df088\" data-element_type=\"widget\" data-e-type=\"widget\" data-settings=\"{&quot;default_state&quot;:&quot;all_collapsed&quot;,&quot;max_items_expended&quot;:&quot;one&quot;,&quot;n_accordion_animation_duration&quot;:{&quot;unit&quot;:&quot;ms&quot;,&quot;size&quot;:400,&quot;sizes&quot;:[]}}\" data-widget_type=\"nested-accordion.default\">\n\t\t\t\t\t\t\t<div class=\"e-n-accordion\" aria-label=\"Accordion. Open links with Enter or Space, close with Escape, and navigate with Arrow Keys\">\n\t\t\t\t\t\t<details id=\"e-n-accordion-item-1420\" class=\"e-n-accordion-item\" >\n\t\t\t\t<summary class=\"e-n-accordion-item-title\" data-accordion-index=\"1\" tabindex=\"0\" aria-expanded=\"false\" aria-controls=\"e-n-accordion-item-1420\" >\n\t\t\t\t\t<span class='e-n-accordion-item-title-header'><div class=\"e-n-accordion-item-title-text\"> Derecho administrativo <\/div><\/span>\n\t\t\t\t\t\t\t<span class='e-n-accordion-item-title-icon'>\n\t\t\t<span class='e-opened' ><svg aria-hidden=\"true\" class=\"e-font-icon-svg e-fas-minus\" viewBox=\"0 0 448 512\" xmlns=\"http:\/\/www.w3.org\/2000\/svg\"><path d=\"M416 208H32c-17.67 0-32 14.33-32 32v32c0 17.67 14.33 32 32 32h384c17.67 0 32-14.33 32-32v-32c0-17.67-14.33-32-32-32z\"><\/path><\/svg><\/span>\n\t\t\t<span class='e-closed'><svg aria-hidden=\"true\" class=\"e-font-icon-svg e-fas-plus\" viewBox=\"0 0 448 512\" xmlns=\"http:\/\/www.w3.org\/2000\/svg\"><path d=\"M416 208H272V64c0-17.67-14.33-32-32-32h-32c-17.67 0-32 14.33-32 32v144H32c-17.67 0-32 14.33-32 32v32c0 17.67 14.33 32 32 32h144v144c0 17.67 14.33 32 32 32h32c17.67 0 32-14.33 32-32V304h144c17.67 0 32-14.33 32-32v-32c0-17.67-14.33-32-32-32z\"><\/path><\/svg><\/span>\n\t\t<\/span>\n\n\t\t\t\t\t\t<\/summary>\n\t\t\t\t<div role=\"region region\" aria-labelledby=\"e-n-accordion-item-52716 e-n-accordion-item-1420\" class=\"elementor-element elementor-element-891fd6b e-con-full e-flex wpr-particle-no wpr-jarallax-no wpr-parallax-no wpr-sticky-section-no wpr-equal-height-no e-con e-child\" data-id=\"891fd6b\" data-element_type=\"container\" data-e-type=\"container\">\n\t\t\t\t<div class=\"elementor-element elementor-element-9277fd3 elementor-widget elementor-widget-text-editor\" data-id=\"9277fd3\" data-element_type=\"widget\" data-e-type=\"widget\" data-widget_type=\"text-editor.default\">\n\t\t\t\t\t\t\t\t\t<ol><li>Texto \u00danico Ordenado de la Ley N.\u00ba 27444 &#8211; Ley del Procedimiento Administrativo General, aprobado mediante Decreto Supremo N.\u00ba 004-2019- JUS<\/li><li>Texto \u00danico Ordenado de la Ley N.\u00ba 27584 &#8211; Ley que Regula el Proceso Contencioso Administrativo, aprobado mediante Decreto Supremo N.\u00ba 011- 2019-JUS<\/li><li>Ley N.\u00b0 27332 \u2013 Ley Marco de los Organismos Reguladores de la Inversi\u00f3n Privada en los Servicios P\u00fablicos<\/li><li>Texto \u00danico Ordenado de la Ley N.\u00ba 27806 &#8211; Ley de Transparencia y Acceso a la Informaci\u00f3n P\u00fablica, aprobado mediante Decreto Supremo N.\u00b0 021-2019-JUS<\/li><li>Reglamento de la Ley de Transparencia y Acceso a la Informaci\u00f3n P\u00fablica, aprobado mediante Decreto Supremo N.\u00b0 007-2024-JUS<\/li><li>Decreto Legislativo N.\u00ba 757 &#8211; Ley Marco para el crecimiento de la Inversi\u00f3n Privada<\/li><\/ol>\t\t\t\t\t\t\t\t<\/div>\n\t\t\t\t<\/div>\n\t\t\t\t\t<\/details>\n\t\t\t\t\t\t<details id=\"e-n-accordion-item-1421\" class=\"e-n-accordion-item\" >\n\t\t\t\t<summary class=\"e-n-accordion-item-title\" data-accordion-index=\"2\" tabindex=\"-1\" aria-expanded=\"false\" aria-controls=\"e-n-accordion-item-1421\" >\n\t\t\t\t\t<span class='e-n-accordion-item-title-header'><div class=\"e-n-accordion-item-title-text\"> Derecho ambiental <\/div><\/span>\n\t\t\t\t\t\t\t<span class='e-n-accordion-item-title-icon'>\n\t\t\t<span class='e-opened' ><svg aria-hidden=\"true\" class=\"e-font-icon-svg e-fas-minus\" viewBox=\"0 0 448 512\" xmlns=\"http:\/\/www.w3.org\/2000\/svg\"><path d=\"M416 208H32c-17.67 0-32 14.33-32 32v32c0 17.67 14.33 32 32 32h384c17.67 0 32-14.33 32-32v-32c0-17.67-14.33-32-32-32z\"><\/path><\/svg><\/span>\n\t\t\t<span class='e-closed'><svg aria-hidden=\"true\" class=\"e-font-icon-svg e-fas-plus\" viewBox=\"0 0 448 512\" xmlns=\"http:\/\/www.w3.org\/2000\/svg\"><path d=\"M416 208H272V64c0-17.67-14.33-32-32-32h-32c-17.67 0-32 14.33-32 32v144H32c-17.67 0-32 14.33-32 32v32c0 17.67 14.33 32 32 32h144v144c0 17.67 14.33 32 32 32h32c17.67 0 32-14.33 32-32V304h144c17.67 0 32-14.33 32-32v-32c0-17.67-14.33-32-32-32z\"><\/path><\/svg><\/span>\n\t\t<\/span>\n\n\t\t\t\t\t\t<\/summary>\n\t\t\t\t<div role=\"region region\" aria-labelledby=\"e-n-accordion-item-52716 e-n-accordion-item-1421\" class=\"elementor-element elementor-element-80341f3 e-con-full e-flex wpr-particle-no wpr-jarallax-no wpr-parallax-no wpr-sticky-section-no wpr-equal-height-no e-con e-child\" data-id=\"80341f3\" data-element_type=\"container\" data-e-type=\"container\">\n\t\t\t\t<div class=\"elementor-element elementor-element-14ddf60 elementor-widget elementor-widget-text-editor\" data-id=\"14ddf60\" data-element_type=\"widget\" data-e-type=\"widget\" data-widget_type=\"text-editor.default\">\n\t\t\t\t\t\t\t\t\t<ul><li>Ley N.\u00b0 28611 \u2013 Ley General del Ambiente<\/li><li>Ley N.\u00b0 26821 &#8211; Ley Org\u00e1nica para el Aprovechamiento Sostenible de los Recursos Naturales<\/li><li>Ley N.\u00ba 28245 &#8211; Ley Marco del Sistema Nacional de Gesti\u00f3n Ambiental<\/li><li>Ley N.\u00b0 27446 &#8211; Ley del Sistema Nacional de Evaluaci\u00f3n del Impacto Ambiental<\/li><li>Reglamento de la Ley del Sistema Nacional de Evaluaci\u00f3n de Impacto Ambiental, aprobado por Decreto Supremo N.\u00ba 019-2009-MINAM<\/li><li>Ley N.\u00b0 29325 &#8211; Ley del Sistema Nacional de Evaluaci\u00f3n y Fiscalizaci\u00f3n Ambiental<\/li><li>Ley N.\u00b0 30011 \u2013 Ley que modifica la Ley N.\u00b0 29325 \u2013 Ley del Sistema Nacional de Evaluaci\u00f3n y Fiscalizaci\u00f3n Ambiental.<\/li><li>Ley N.\u00b0 26834 &#8211; Ley de \u00c1reas Naturales Protegidas<\/li><li>Decreto Legislativo N.\u00b0 1013 &#8211; Ley de Creaci\u00f3n del Ministerio del Ambiente<\/li><li>Reglamento de Protecci\u00f3n y Gesti\u00f3n Ambiental para las Actividades de Explotaci\u00f3n, Beneficio, Labor General, Transporte y Almacenamiento Minero, aprobado mediante Decreto Supremo N.\u00ba 040-2014-EM<\/li><li>Decreto Legislativo N.\u00ba 1278 &#8211; Ley de Gesti\u00f3n Integral de Residuos S\u00f3lidos<\/li><li>La Pol\u00edtica Nacional del Ambiente (s\u00f3lo en lo relacionado a los objetivos, indicadores y lineamiento o estrategias.<\/li><\/ul>\t\t\t\t\t\t\t\t<\/div>\n\t\t\t\t<\/div>\n\t\t\t\t\t<\/details>\n\t\t\t\t\t\t<details id=\"e-n-accordion-item-1422\" class=\"e-n-accordion-item\" >\n\t\t\t\t<summary class=\"e-n-accordion-item-title\" data-accordion-index=\"3\" tabindex=\"-1\" aria-expanded=\"false\" aria-controls=\"e-n-accordion-item-1422\" >\n\t\t\t\t\t<span class='e-n-accordion-item-title-header'><div class=\"e-n-accordion-item-title-text\"> Derecho constitucional <\/div><\/span>\n\t\t\t\t\t\t\t<span class='e-n-accordion-item-title-icon'>\n\t\t\t<span class='e-opened' ><svg aria-hidden=\"true\" class=\"e-font-icon-svg e-fas-minus\" viewBox=\"0 0 448 512\" xmlns=\"http:\/\/www.w3.org\/2000\/svg\"><path d=\"M416 208H32c-17.67 0-32 14.33-32 32v32c0 17.67 14.33 32 32 32h384c17.67 0 32-14.33 32-32v-32c0-17.67-14.33-32-32-32z\"><\/path><\/svg><\/span>\n\t\t\t<span class='e-closed'><svg aria-hidden=\"true\" class=\"e-font-icon-svg e-fas-plus\" viewBox=\"0 0 448 512\" xmlns=\"http:\/\/www.w3.org\/2000\/svg\"><path d=\"M416 208H272V64c0-17.67-14.33-32-32-32h-32c-17.67 0-32 14.33-32 32v144H32c-17.67 0-32 14.33-32 32v32c0 17.67 14.33 32 32 32h144v144c0 17.67 14.33 32 32 32h32c17.67 0 32-14.33 32-32V304h144c17.67 0 32-14.33 32-32v-32c0-17.67-14.33-32-32-32z\"><\/path><\/svg><\/span>\n\t\t<\/span>\n\n\t\t\t\t\t\t<\/summary>\n\t\t\t\t<div role=\"region region\" aria-labelledby=\"e-n-accordion-item-52716 e-n-accordion-item-1422\" class=\"elementor-element elementor-element-0b512b3 e-con-full e-flex wpr-particle-no wpr-jarallax-no wpr-parallax-no wpr-sticky-section-no wpr-equal-height-no e-con e-child\" data-id=\"0b512b3\" data-element_type=\"container\" data-e-type=\"container\">\n\t\t\t\t<div class=\"elementor-element elementor-element-b2001f5 elementor-widget elementor-widget-text-editor\" data-id=\"b2001f5\" data-element_type=\"widget\" data-e-type=\"widget\" data-widget_type=\"text-editor.default\">\n\t\t\t\t\t\t\t\t\t<ul><li>Constituci\u00f3n Pol\u00edtica del Per\u00fa<\/li><li>Convenio N\u00fam. 169 de la OIT sobre Pueblos Ind\u00edgenas y Tribales<\/li><li>Ley N.\u00b0 29158 &#8211; Ley Org\u00e1nica del Poder Ejecutivo<\/li><li>Ley N.\u00ba 27783 &#8211; Ley de Bases de la Descentralizaci\u00f3n<\/li><li>Ley N.\u00b0 27867 &#8211; Ley Org\u00e1nica de Gobiernos Regionales<\/li><li>Ley N.\u00b0 27972 &#8211; Ley Org\u00e1nica de Municipalidades<\/li><\/ul>\t\t\t\t\t\t\t\t<\/div>\n\t\t\t\t<\/div>\n\t\t\t\t\t<\/details>\n\t\t\t\t\t\t<details id=\"e-n-accordion-item-1423\" class=\"e-n-accordion-item\" >\n\t\t\t\t<summary class=\"e-n-accordion-item-title\" data-accordion-index=\"4\" tabindex=\"-1\" aria-expanded=\"false\" aria-controls=\"e-n-accordion-item-1423\" >\n\t\t\t\t\t<span class='e-n-accordion-item-title-header'><div class=\"e-n-accordion-item-title-text\"> Procedimiento administrativo general <\/div><\/span>\n\t\t\t\t\t\t\t<span class='e-n-accordion-item-title-icon'>\n\t\t\t<span class='e-opened' ><svg aria-hidden=\"true\" class=\"e-font-icon-svg e-fas-minus\" viewBox=\"0 0 448 512\" xmlns=\"http:\/\/www.w3.org\/2000\/svg\"><path d=\"M416 208H32c-17.67 0-32 14.33-32 32v32c0 17.67 14.33 32 32 32h384c17.67 0 32-14.33 32-32v-32c0-17.67-14.33-32-32-32z\"><\/path><\/svg><\/span>\n\t\t\t<span class='e-closed'><svg aria-hidden=\"true\" class=\"e-font-icon-svg e-fas-plus\" viewBox=\"0 0 448 512\" xmlns=\"http:\/\/www.w3.org\/2000\/svg\"><path d=\"M416 208H272V64c0-17.67-14.33-32-32-32h-32c-17.67 0-32 14.33-32 32v144H32c-17.67 0-32 14.33-32 32v32c0 17.67 14.33 32 32 32h144v144c0 17.67 14.33 32 32 32h32c17.67 0 32-14.33 32-32V304h144c17.67 0 32-14.33 32-32v-32c0-17.67-14.33-32-32-32z\"><\/path><\/svg><\/span>\n\t\t<\/span>\n\n\t\t\t\t\t\t<\/summary>\n\t\t\t\t<div role=\"region region\" aria-labelledby=\"e-n-accordion-item-52716 e-n-accordion-item-1423\" class=\"elementor-element elementor-element-db2c16c e-con-full e-flex wpr-particle-no wpr-jarallax-no wpr-parallax-no wpr-sticky-section-no wpr-equal-height-no e-con e-child\" data-id=\"db2c16c\" data-element_type=\"container\" data-e-type=\"container\">\n\t\t\t\t<div class=\"elementor-element elementor-element-b88083a elementor-widget elementor-widget-text-editor\" data-id=\"b88083a\" data-element_type=\"widget\" data-e-type=\"widget\" data-widget_type=\"text-editor.default\">\n\t\t\t\t\t\t\t\t\t<ul><li>Texto \u00danico Ordenado de la Ley N.\u00ba 27444 &#8211; Ley del Procedimiento Administrativo General, aprobado mediante Decreto Supremo N.\u00ba 004-2019- JUS<\/li><li>Espinosa-Salda\u00f1a, E. (2003). Recursos administrativos: algunas consideraciones b\u00e1sicas y el an\u00e1lisis del tratamiento que les ha sido otorgado en la ley N.\u00b0 27444. Derecho &amp; Sociedad, (20), 108-119. En: <a href=\"https:\/\/revistas.pucp.edu.pe\/index.php\/derechoysociedad\/article\/view\/17297\">https:\/\/revistas.pucp.edu.pe\/index.php\/derechoysociedad\/article\/view\/17297<\/a> Recuperado el 06 de octubre de 2024<\/li><\/ul>\t\t\t\t\t\t\t\t<\/div>\n\t\t\t\t<\/div>\n\t\t\t\t\t<\/details>\n\t\t\t\t\t\t<details id=\"e-n-accordion-item-1424\" class=\"e-n-accordion-item\" >\n\t\t\t\t<summary class=\"e-n-accordion-item-title\" data-accordion-index=\"5\" tabindex=\"-1\" aria-expanded=\"false\" aria-controls=\"e-n-accordion-item-1424\" >\n\t\t\t\t\t<span class='e-n-accordion-item-title-header'><div class=\"e-n-accordion-item-title-text\"> Procedimiento administrativo sancionador y procedimientos especiales <\/div><\/span>\n\t\t\t\t\t\t\t<span class='e-n-accordion-item-title-icon'>\n\t\t\t<span class='e-opened' ><svg aria-hidden=\"true\" class=\"e-font-icon-svg e-fas-minus\" viewBox=\"0 0 448 512\" xmlns=\"http:\/\/www.w3.org\/2000\/svg\"><path d=\"M416 208H32c-17.67 0-32 14.33-32 32v32c0 17.67 14.33 32 32 32h384c17.67 0 32-14.33 32-32v-32c0-17.67-14.33-32-32-32z\"><\/path><\/svg><\/span>\n\t\t\t<span class='e-closed'><svg aria-hidden=\"true\" class=\"e-font-icon-svg e-fas-plus\" viewBox=\"0 0 448 512\" xmlns=\"http:\/\/www.w3.org\/2000\/svg\"><path d=\"M416 208H272V64c0-17.67-14.33-32-32-32h-32c-17.67 0-32 14.33-32 32v144H32c-17.67 0-32 14.33-32 32v32c0 17.67 14.33 32 32 32h144v144c0 17.67 14.33 32 32 32h32c17.67 0 32-14.33 32-32V304h144c17.67 0 32-14.33 32-32v-32c0-17.67-14.33-32-32-32z\"><\/path><\/svg><\/span>\n\t\t<\/span>\n\n\t\t\t\t\t\t<\/summary>\n\t\t\t\t<div role=\"region region\" aria-labelledby=\"e-n-accordion-item-52716 e-n-accordion-item-1424\" class=\"elementor-element elementor-element-b028d3a e-con-full e-flex wpr-particle-no wpr-jarallax-no wpr-parallax-no wpr-sticky-section-no wpr-equal-height-no e-con e-child\" data-id=\"b028d3a\" data-element_type=\"container\" data-e-type=\"container\">\n\t\t\t\t<div class=\"elementor-element elementor-element-508858b elementor-widget elementor-widget-text-editor\" data-id=\"508858b\" data-element_type=\"widget\" data-e-type=\"widget\" data-widget_type=\"text-editor.default\">\n\t\t\t\t\t\t\t\t\t<ul><li>Texto \u00danico Ordenado de la Ley N.\u00ba 27444 &#8211; Ley del Procedimiento Administrativo General, aprobado mediante Decreto Supremo N.\u00ba 004-2019- JUS<\/li><li>Ley N.\u00b0 29325 &#8211; Ley del Sistema Nacional de Evaluaci\u00f3n y Fiscalizaci\u00f3n Ambiental R\u00e9gimen Com\u00fan de Fiscalizaci\u00f3n Ambiental aprobado por la Resoluci\u00f3n Ministerial N.\u00ba 247-2013-MINAM<\/li><li>Aldana, M. (2014). El r\u00e9gimen com\u00fan de fiscalizaci\u00f3n ambiental, La fiscalizaci\u00f3n ambiental en el Per\u00fa: reflexiones sobre las funciones y atribuciones del OEFA.(pp. 387-418). En: <a href=\"https:\/\/repositorio.oefa.gob.pe\/handle\/20.500.12788\/66\">https:\/\/repositorio.oefa.gob.pe\/handle\/20.500.12788\/66<\/a> Recuperado el 06 de octubre de 2024<\/li><\/ul>\t\t\t\t\t\t\t\t<\/div>\n\t\t\t\t<\/div>\n\t\t\t\t\t<\/details>\n\t\t\t\t\t\t<details id=\"e-n-accordion-item-1425\" class=\"e-n-accordion-item\" >\n\t\t\t\t<summary class=\"e-n-accordion-item-title\" data-accordion-index=\"6\" tabindex=\"-1\" aria-expanded=\"false\" aria-controls=\"e-n-accordion-item-1425\" >\n\t\t\t\t\t<span class='e-n-accordion-item-title-header'><div class=\"e-n-accordion-item-title-text\"> Fiscalizaci\u00f3n ambiental y funciones del organismo de evaluaci\u00f3n y fiscalizaci\u00f3n ambiental <\/div><\/span>\n\t\t\t\t\t\t\t<span class='e-n-accordion-item-title-icon'>\n\t\t\t<span class='e-opened' ><svg aria-hidden=\"true\" class=\"e-font-icon-svg e-fas-minus\" viewBox=\"0 0 448 512\" xmlns=\"http:\/\/www.w3.org\/2000\/svg\"><path d=\"M416 208H32c-17.67 0-32 14.33-32 32v32c0 17.67 14.33 32 32 32h384c17.67 0 32-14.33 32-32v-32c0-17.67-14.33-32-32-32z\"><\/path><\/svg><\/span>\n\t\t\t<span class='e-closed'><svg aria-hidden=\"true\" class=\"e-font-icon-svg e-fas-plus\" viewBox=\"0 0 448 512\" xmlns=\"http:\/\/www.w3.org\/2000\/svg\"><path d=\"M416 208H272V64c0-17.67-14.33-32-32-32h-32c-17.67 0-32 14.33-32 32v144H32c-17.67 0-32 14.33-32 32v32c0 17.67 14.33 32 32 32h144v144c0 17.67 14.33 32 32 32h32c17.67 0 32-14.33 32-32V304h144c17.67 0 32-14.33 32-32v-32c0-17.67-14.33-32-32-32z\"><\/path><\/svg><\/span>\n\t\t<\/span>\n\n\t\t\t\t\t\t<\/summary>\n\t\t\t\t<div role=\"region region\" aria-labelledby=\"e-n-accordion-item-52716 e-n-accordion-item-1425\" class=\"elementor-element elementor-element-6ad837d e-con-full e-flex wpr-particle-no wpr-jarallax-no wpr-parallax-no wpr-sticky-section-no wpr-equal-height-no e-con e-child\" data-id=\"6ad837d\" data-element_type=\"container\" data-e-type=\"container\">\n\t\t\t\t<div class=\"elementor-element elementor-element-6ee95d2 elementor-widget elementor-widget-text-editor\" data-id=\"6ee95d2\" data-element_type=\"widget\" data-e-type=\"widget\" data-widget_type=\"text-editor.default\">\n\t\t\t\t\t\t\t\t\t<ul><li>Sistema Nacional de Evaluaci\u00f3n y Fiscalizaci\u00f3n Ambiental<\/li><li>Funciones del Organismo de Evaluaci\u00f3n y Fiscalizaci\u00f3n Ambiental<\/li><li>Actividad de supervisi\u00f3n ambiental<\/li><li>Procedimiento de fiscalizaci\u00f3n ambiental<\/li><\/ul>\t\t\t\t\t\t\t\t<\/div>\n\t\t\t\t<\/div>\n\t\t\t\t\t<\/details>\n\t\t\t\t\t<\/div>\n\t\t\t\t\t\t<\/div>\n\t\t\t\t<div class=\"elementor-element elementor-element-fd68c45 elementor-widget elementor-widget-text-editor\" data-id=\"fd68c45\" data-element_type=\"widget\" data-e-type=\"widget\" data-widget_type=\"text-editor.default\">\n\t\t\t\t\t\t\t\t\t<p><strong>Para la especialidad de ciencias, los temas son los siguientes:<\/strong><\/p>\t\t\t\t\t\t\t\t<\/div>\n\t\t\t\t<div class=\"elementor-element elementor-element-676fcfe elementor-widget elementor-widget-n-accordion\" data-id=\"676fcfe\" data-element_type=\"widget\" data-e-type=\"widget\" data-settings=\"{&quot;default_state&quot;:&quot;all_collapsed&quot;,&quot;max_items_expended&quot;:&quot;one&quot;,&quot;n_accordion_animation_duration&quot;:{&quot;unit&quot;:&quot;ms&quot;,&quot;size&quot;:400,&quot;sizes&quot;:[]}}\" data-widget_type=\"nested-accordion.default\">\n\t\t\t\t\t\t\t<div class=\"e-n-accordion\" aria-label=\"Accordion. Open links with Enter or Space, close with Escape, and navigate with Arrow Keys\">\n\t\t\t\t\t\t<details id=\"e-n-accordion-item-1080\" class=\"e-n-accordion-item\" >\n\t\t\t\t<summary class=\"e-n-accordion-item-title\" data-accordion-index=\"1\" tabindex=\"0\" aria-expanded=\"false\" aria-controls=\"e-n-accordion-item-1080\" >\n\t\t\t\t\t<span class='e-n-accordion-item-title-header'><div class=\"e-n-accordion-item-title-text\"> Ingenier\u00eda ambiental \/ Ciencias ambientales \/ Forestal \/ Gesti\u00f3n ambiental \/ Recursos naturales o afines <\/div><\/span>\n\t\t\t\t\t\t\t<span class='e-n-accordion-item-title-icon'>\n\t\t\t<span class='e-opened' ><svg aria-hidden=\"true\" class=\"e-font-icon-svg e-fas-minus\" viewBox=\"0 0 448 512\" xmlns=\"http:\/\/www.w3.org\/2000\/svg\"><path d=\"M416 208H32c-17.67 0-32 14.33-32 32v32c0 17.67 14.33 32 32 32h384c17.67 0 32-14.33 32-32v-32c0-17.67-14.33-32-32-32z\"><\/path><\/svg><\/span>\n\t\t\t<span class='e-closed'><svg aria-hidden=\"true\" class=\"e-font-icon-svg e-fas-plus\" viewBox=\"0 0 448 512\" xmlns=\"http:\/\/www.w3.org\/2000\/svg\"><path d=\"M416 208H272V64c0-17.67-14.33-32-32-32h-32c-17.67 0-32 14.33-32 32v144H32c-17.67 0-32 14.33-32 32v32c0 17.67 14.33 32 32 32h144v144c0 17.67 14.33 32 32 32h32c17.67 0 32-14.33 32-32V304h144c17.67 0 32-14.33 32-32v-32c0-17.67-14.33-32-32-32z\"><\/path><\/svg><\/span>\n\t\t<\/span>\n\n\t\t\t\t\t\t<\/summary>\n\t\t\t\t<div role=\"region region\" aria-labelledby=\"e-n-accordion-item-52716 e-n-accordion-item-1080\" class=\"elementor-element elementor-element-a703e41 e-con-full e-flex wpr-particle-no wpr-jarallax-no wpr-parallax-no wpr-sticky-section-no wpr-equal-height-no e-con e-child\" data-id=\"a703e41\" data-element_type=\"container\" data-e-type=\"container\">\n\t\t\t\t<div class=\"elementor-element elementor-element-2d99fbd elementor-widget elementor-widget-text-editor\" data-id=\"2d99fbd\" data-element_type=\"widget\" data-e-type=\"widget\" data-widget_type=\"text-editor.default\">\n\t\t\t\t\t\t\t\t\t<ul><li>Ambiente y desarrollo sostenible<\/li><li>Biodiversidad y ecosistemas<\/li><li>Calidad ambiental del agua<\/li><li>Calidad ambiental del suelo<\/li><li>Calidad ambiental del aire<\/li><li>Ruido ambiental<\/li><li>Gesti\u00f3n y manejo de residuos s\u00f3lidos<\/li><li>Legislaci\u00f3n Ambiental y forestal<\/li><li>Gesti\u00f3n de Riesgo de Desastres Naturales y cambio clim\u00e1tico<\/li><li>Ecolog\u00eda<\/li><li>Gesti\u00f3n ambiental<\/li><li>Gesti\u00f3n forestal<\/li><li>\u00c1reas Naturales Protegidas<\/li><li>Meteorolog\u00eda y climatolog\u00eda<\/li><li>Gesti\u00f3n de cuencas hidrogr\u00e1ficas<\/li><li>Evaluaci\u00f3n de impacto ambiental<\/li><\/ul>\t\t\t\t\t\t\t\t<\/div>\n\t\t\t\t<\/div>\n\t\t\t\t\t<\/details>\n\t\t\t\t\t\t<details id=\"e-n-accordion-item-1081\" class=\"e-n-accordion-item\" >\n\t\t\t\t<summary class=\"e-n-accordion-item-title\" data-accordion-index=\"2\" tabindex=\"-1\" aria-expanded=\"false\" aria-controls=\"e-n-accordion-item-1081\" >\n\t\t\t\t\t<span class='e-n-accordion-item-title-header'><div class=\"e-n-accordion-item-title-text\"> Biolog\u00eda \/ Microbiolog\u00eda \/ Ciencias biol\u00f3gicas \/ biolog\u00eda marina \/ Gen\u00e9tica y biotecnolog\u00eda \/ Toxicolog\u00eda o afines <\/div><\/span>\n\t\t\t\t\t\t\t<span class='e-n-accordion-item-title-icon'>\n\t\t\t<span class='e-opened' ><svg aria-hidden=\"true\" class=\"e-font-icon-svg e-fas-minus\" viewBox=\"0 0 448 512\" xmlns=\"http:\/\/www.w3.org\/2000\/svg\"><path d=\"M416 208H32c-17.67 0-32 14.33-32 32v32c0 17.67 14.33 32 32 32h384c17.67 0 32-14.33 32-32v-32c0-17.67-14.33-32-32-32z\"><\/path><\/svg><\/span>\n\t\t\t<span class='e-closed'><svg aria-hidden=\"true\" class=\"e-font-icon-svg e-fas-plus\" viewBox=\"0 0 448 512\" xmlns=\"http:\/\/www.w3.org\/2000\/svg\"><path d=\"M416 208H272V64c0-17.67-14.33-32-32-32h-32c-17.67 0-32 14.33-32 32v144H32c-17.67 0-32 14.33-32 32v32c0 17.67 14.33 32 32 32h144v144c0 17.67 14.33 32 32 32h32c17.67 0 32-14.33 32-32V304h144c17.67 0 32-14.33 32-32v-32c0-17.67-14.33-32-32-32z\"><\/path><\/svg><\/span>\n\t\t<\/span>\n\n\t\t\t\t\t\t<\/summary>\n\t\t\t\t<div role=\"region region\" aria-labelledby=\"e-n-accordion-item-52716 e-n-accordion-item-1081\" class=\"elementor-element elementor-element-a6dc165 e-con-full e-flex wpr-particle-no wpr-jarallax-no wpr-parallax-no wpr-sticky-section-no wpr-equal-height-no e-con e-child\" data-id=\"a6dc165\" data-element_type=\"container\" data-e-type=\"container\">\n\t\t\t\t<div class=\"elementor-element elementor-element-9996542 elementor-widget elementor-widget-text-editor\" data-id=\"9996542\" data-element_type=\"widget\" data-e-type=\"widget\" data-widget_type=\"text-editor.default\">\n\t\t\t\t\t\t\t\t\t<ul><li>Ambiente y desarrollo sostenible<\/li><li>Zoolog\u00eda<\/li><li>Bot\u00e1nica<\/li><li>Hidrobiolog\u00eda<\/li><li>Gen\u00e9tica y biotecnolog\u00eda<\/li><li>Microbiolog\u00eda ambiental<\/li><li>Ecotoxicolog\u00eda<\/li><li>Edafolog\u00eda<\/li><li>Ecolog\u00eda de ecosistemas<\/li><li>Fen\u00f3menos de transferencia<\/li><li>Evaluaci\u00f3n de impacto ambiental<\/li><li>Contaminaci\u00f3n ambiental<\/li><\/ul>\t\t\t\t\t\t\t\t<\/div>\n\t\t\t\t<\/div>\n\t\t\t\t\t<\/details>\n\t\t\t\t\t\t<details id=\"e-n-accordion-item-1082\" class=\"e-n-accordion-item\" >\n\t\t\t\t<summary class=\"e-n-accordion-item-title\" data-accordion-index=\"3\" tabindex=\"-1\" aria-expanded=\"false\" aria-controls=\"e-n-accordion-item-1082\" >\n\t\t\t\t\t<span class='e-n-accordion-item-title-header'><div class=\"e-n-accordion-item-title-text\"> Qu\u00edmica \/ Qu\u00edmica ambiental \/ Higiene y seguridad industrial o afines <\/div><\/span>\n\t\t\t\t\t\t\t<span class='e-n-accordion-item-title-icon'>\n\t\t\t<span class='e-opened' ><svg aria-hidden=\"true\" class=\"e-font-icon-svg e-fas-minus\" viewBox=\"0 0 448 512\" xmlns=\"http:\/\/www.w3.org\/2000\/svg\"><path d=\"M416 208H32c-17.67 0-32 14.33-32 32v32c0 17.67 14.33 32 32 32h384c17.67 0 32-14.33 32-32v-32c0-17.67-14.33-32-32-32z\"><\/path><\/svg><\/span>\n\t\t\t<span class='e-closed'><svg aria-hidden=\"true\" class=\"e-font-icon-svg e-fas-plus\" viewBox=\"0 0 448 512\" xmlns=\"http:\/\/www.w3.org\/2000\/svg\"><path d=\"M416 208H272V64c0-17.67-14.33-32-32-32h-32c-17.67 0-32 14.33-32 32v144H32c-17.67 0-32 14.33-32 32v32c0 17.67 14.33 32 32 32h144v144c0 17.67 14.33 32 32 32h32c17.67 0 32-14.33 32-32V304h144c17.67 0 32-14.33 32-32v-32c0-17.67-14.33-32-32-32z\"><\/path><\/svg><\/span>\n\t\t<\/span>\n\n\t\t\t\t\t\t<\/summary>\n\t\t\t\t<div role=\"region region\" aria-labelledby=\"e-n-accordion-item-52716 e-n-accordion-item-1082\" class=\"elementor-element elementor-element-30af581 e-con-full e-flex wpr-particle-no wpr-jarallax-no wpr-parallax-no wpr-sticky-section-no wpr-equal-height-no e-con e-child\" data-id=\"30af581\" data-element_type=\"container\" data-e-type=\"container\">\n\t\t\t\t<div class=\"elementor-element elementor-element-c6fa60d elementor-widget elementor-widget-text-editor\" data-id=\"c6fa60d\" data-element_type=\"widget\" data-e-type=\"widget\" data-widget_type=\"text-editor.default\">\n\t\t\t\t\t\t\t\t\t<ul><li>Ambiente y desarrollo sostenible<\/li><li>Qu\u00edmica general<\/li><li>Fisicoqu\u00edmica procesos qu\u00edmicos<\/li><li>Bioqu\u00edmica ambiental<\/li><li>Procesos industriales<\/li><li>Evaluaci\u00f3n y control de agentes qu\u00edmicos<\/li><li>Plantas qu\u00edmicas<\/li><li>Tratamiento de residuos industriales s\u00f3lidos, l\u00edquidos y gaseosos<\/li><li>Procesos industriales<\/li><li>Principios de fisicoqu\u00edmica<\/li><li>Seguridad industrial<\/li><li>Higiene industrial<\/li><\/ul>\t\t\t\t\t\t\t\t<\/div>\n\t\t\t\t<\/div>\n\t\t\t\t\t<\/details>\n\t\t\t\t\t\t<details id=\"e-n-accordion-item-1083\" class=\"e-n-accordion-item\" >\n\t\t\t\t<summary class=\"e-n-accordion-item-title\" data-accordion-index=\"4\" tabindex=\"-1\" aria-expanded=\"false\" aria-controls=\"e-n-accordion-item-1083\" >\n\t\t\t\t\t<span class='e-n-accordion-item-title-header'><div class=\"e-n-accordion-item-title-text\"> Ingenier\u00eda geogr\u00e1fica \/ Geograf\u00eda \/ Geograf\u00eda y medio ambiente \/ Ecoturismo o afines <\/div><\/span>\n\t\t\t\t\t\t\t<span class='e-n-accordion-item-title-icon'>\n\t\t\t<span class='e-opened' ><svg aria-hidden=\"true\" class=\"e-font-icon-svg e-fas-minus\" viewBox=\"0 0 448 512\" xmlns=\"http:\/\/www.w3.org\/2000\/svg\"><path d=\"M416 208H32c-17.67 0-32 14.33-32 32v32c0 17.67 14.33 32 32 32h384c17.67 0 32-14.33 32-32v-32c0-17.67-14.33-32-32-32z\"><\/path><\/svg><\/span>\n\t\t\t<span class='e-closed'><svg aria-hidden=\"true\" class=\"e-font-icon-svg e-fas-plus\" viewBox=\"0 0 448 512\" xmlns=\"http:\/\/www.w3.org\/2000\/svg\"><path d=\"M416 208H272V64c0-17.67-14.33-32-32-32h-32c-17.67 0-32 14.33-32 32v144H32c-17.67 0-32 14.33-32 32v32c0 17.67 14.33 32 32 32h144v144c0 17.67 14.33 32 32 32h32c17.67 0 32-14.33 32-32V304h144c17.67 0 32-14.33 32-32v-32c0-17.67-14.33-32-32-32z\"><\/path><\/svg><\/span>\n\t\t<\/span>\n\n\t\t\t\t\t\t<\/summary>\n\t\t\t\t<div role=\"region region\" aria-labelledby=\"e-n-accordion-item-52716 e-n-accordion-item-1083\" class=\"elementor-element elementor-element-b606448 e-con-full e-flex wpr-particle-no wpr-jarallax-no wpr-parallax-no wpr-sticky-section-no wpr-equal-height-no e-con e-child\" data-id=\"b606448\" data-element_type=\"container\" data-e-type=\"container\">\n\t\t\t\t<div class=\"elementor-element elementor-element-3c10289 elementor-widget elementor-widget-text-editor\" data-id=\"3c10289\" data-element_type=\"widget\" data-e-type=\"widget\" data-widget_type=\"text-editor.default\">\n\t\t\t\t\t\t\t\t\t<ul><li>Ambiente y desarrollo sostenible<\/li><li>Cartograf\u00eda<\/li><li>Teledetecci\u00f3n<\/li><li>Fotogrametr\u00eda y fotointerpretaci\u00f3n<\/li><li>Topograf\u00eda<\/li><li>Energ\u00edas renovables<\/li><li>Geom\u00e1tica<\/li><li>Saneamiento territorial<\/li><li>Gesti\u00f3n ambiental<\/li><li>Ordenamiento territorial<\/li><li>Gesti\u00f3n de recursos naturales<\/li><li>Gesti\u00f3n de riesgo de desastres y cambio clim\u00e1tico<\/li><li>Tecnolog\u00edas de informaci\u00f3n geogr\u00e1fica<\/li><\/ul>\t\t\t\t\t\t\t\t<\/div>\n\t\t\t\t<\/div>\n\t\t\t\t\t<\/details>\n\t\t\t\t\t\t<details id=\"e-n-accordion-item-1084\" class=\"e-n-accordion-item\" >\n\t\t\t\t<summary class=\"e-n-accordion-item-title\" data-accordion-index=\"5\" tabindex=\"-1\" aria-expanded=\"false\" aria-controls=\"e-n-accordion-item-1084\" >\n\t\t\t\t\t<span class='e-n-accordion-item-title-header'><div class=\"e-n-accordion-item-title-text\"> Ingenier\u00eda pesquera \/ Industrial \/ Alimentarias o afines <\/div><\/span>\n\t\t\t\t\t\t\t<span class='e-n-accordion-item-title-icon'>\n\t\t\t<span class='e-opened' ><svg aria-hidden=\"true\" class=\"e-font-icon-svg e-fas-minus\" viewBox=\"0 0 448 512\" xmlns=\"http:\/\/www.w3.org\/2000\/svg\"><path d=\"M416 208H32c-17.67 0-32 14.33-32 32v32c0 17.67 14.33 32 32 32h384c17.67 0 32-14.33 32-32v-32c0-17.67-14.33-32-32-32z\"><\/path><\/svg><\/span>\n\t\t\t<span class='e-closed'><svg aria-hidden=\"true\" class=\"e-font-icon-svg e-fas-plus\" viewBox=\"0 0 448 512\" xmlns=\"http:\/\/www.w3.org\/2000\/svg\"><path d=\"M416 208H272V64c0-17.67-14.33-32-32-32h-32c-17.67 0-32 14.33-32 32v144H32c-17.67 0-32 14.33-32 32v32c0 17.67 14.33 32 32 32h144v144c0 17.67 14.33 32 32 32h32c17.67 0 32-14.33 32-32V304h144c17.67 0 32-14.33 32-32v-32c0-17.67-14.33-32-32-32z\"><\/path><\/svg><\/span>\n\t\t<\/span>\n\n\t\t\t\t\t\t<\/summary>\n\t\t\t\t<div role=\"region region\" aria-labelledby=\"e-n-accordion-item-52716 e-n-accordion-item-1084\" class=\"elementor-element elementor-element-c7a1d89 e-con-full e-flex wpr-particle-no wpr-jarallax-no wpr-parallax-no wpr-sticky-section-no wpr-equal-height-no e-con e-child\" data-id=\"c7a1d89\" data-element_type=\"container\" data-e-type=\"container\">\n\t\t\t\t<div class=\"elementor-element elementor-element-7d51890 elementor-widget elementor-widget-text-editor\" data-id=\"7d51890\" data-element_type=\"widget\" data-e-type=\"widget\" data-widget_type=\"text-editor.default\">\n\t\t\t\t\t\t\t\t\t<ul><li>Ambiente y desarrollo sostenible<\/li><li>Procesos para ingenier\u00eda<\/li><li>Termodin\u00e1mica<\/li><li>Balance de materia y energ\u00eda<\/li><li>Simulaci\u00f3n y producci\u00f3n industrial<\/li><li>Procesamiento de recursos alimentarios e hidrobiol\u00f3gicos<\/li><li>Contaminaci\u00f3n de ambientes acu\u00e1ticos<\/li><li>Manejo y gesti\u00f3n de residuos s\u00f3lidos y semis\u00f3lidos industriales<\/li><li>Monitoreo de efluentes de establecimientos industriales<\/li><li>Monitoreo ambiental de emisiones atmosf\u00e9ricas y calidad del aire<\/li><li>Planeamiento y control de operaciones<\/li><li>Sistemas integrados de gesti\u00f3n de calidad, ambiente y seguridad ocupacional<\/li><\/ul>\t\t\t\t\t\t\t\t<\/div>\n\t\t\t\t<\/div>\n\t\t\t\t\t<\/details>\n\t\t\t\t\t\t<details id=\"e-n-accordion-item-1085\" class=\"e-n-accordion-item\" >\n\t\t\t\t<summary class=\"e-n-accordion-item-title\" data-accordion-index=\"6\" tabindex=\"-1\" aria-expanded=\"false\" aria-controls=\"e-n-accordion-item-1085\" >\n\t\t\t\t\t<span class='e-n-accordion-item-title-header'><div class=\"e-n-accordion-item-title-text\"> Ingenier\u00eda agroindustrial \/ Agr\u00edcola \/ Agronom\u00eda \/ Agr\u00f3noma \/ Agroforestal \/ Zootecnia o afines <\/div><\/span>\n\t\t\t\t\t\t\t<span class='e-n-accordion-item-title-icon'>\n\t\t\t<span class='e-opened' ><svg aria-hidden=\"true\" class=\"e-font-icon-svg e-fas-minus\" viewBox=\"0 0 448 512\" xmlns=\"http:\/\/www.w3.org\/2000\/svg\"><path d=\"M416 208H32c-17.67 0-32 14.33-32 32v32c0 17.67 14.33 32 32 32h384c17.67 0 32-14.33 32-32v-32c0-17.67-14.33-32-32-32z\"><\/path><\/svg><\/span>\n\t\t\t<span class='e-closed'><svg aria-hidden=\"true\" class=\"e-font-icon-svg e-fas-plus\" viewBox=\"0 0 448 512\" xmlns=\"http:\/\/www.w3.org\/2000\/svg\"><path d=\"M416 208H272V64c0-17.67-14.33-32-32-32h-32c-17.67 0-32 14.33-32 32v144H32c-17.67 0-32 14.33-32 32v32c0 17.67 14.33 32 32 32h144v144c0 17.67 14.33 32 32 32h32c17.67 0 32-14.33 32-32V304h144c17.67 0 32-14.33 32-32v-32c0-17.67-14.33-32-32-32z\"><\/path><\/svg><\/span>\n\t\t<\/span>\n\n\t\t\t\t\t\t<\/summary>\n\t\t\t\t<div role=\"region region\" aria-labelledby=\"e-n-accordion-item-52716 e-n-accordion-item-1085\" class=\"elementor-element elementor-element-dd40f4c e-con-full e-flex wpr-particle-no wpr-jarallax-no wpr-parallax-no wpr-sticky-section-no wpr-equal-height-no e-con e-child\" data-id=\"dd40f4c\" data-element_type=\"container\" data-e-type=\"container\">\n\t\t\t\t<div class=\"elementor-element elementor-element-d2d170e elementor-widget elementor-widget-text-editor\" data-id=\"d2d170e\" data-element_type=\"widget\" data-e-type=\"widget\" data-widget_type=\"text-editor.default\">\n\t\t\t\t\t\t\t\t\t<ul><li>Ambiente y desarrollo sostenible<\/li><li>Edafolog\u00eda<\/li><li>Meteorolog\u00eda y climatolog\u00eda<\/li><li>Manejo y conservaci\u00f3n de suelos<\/li><li>Fisiolog\u00eda vegetal<\/li><li>Agroecolog\u00eda<\/li><li>Producci\u00f3n agr\u00edcola<\/li><li>Biotecnolog\u00eda agr\u00edcola<\/li><li>Gesti\u00f3n de recursos h\u00eddricos<\/li><li>Ordenamiento territorial<\/li><li>Reforestaci\u00f3n<\/li><\/ul>\t\t\t\t\t\t\t\t<\/div>\n\t\t\t\t<\/div>\n\t\t\t\t\t<\/details>\n\t\t\t\t\t\t<details id=\"e-n-accordion-item-1086\" class=\"e-n-accordion-item\" >\n\t\t\t\t<summary class=\"e-n-accordion-item-title\" data-accordion-index=\"7\" tabindex=\"-1\" aria-expanded=\"false\" aria-controls=\"e-n-accordion-item-1086\" >\n\t\t\t\t\t<span class='e-n-accordion-item-title-header'><div class=\"e-n-accordion-item-title-text\"> Ingenier\u00eda petrolera \/ Petroqu\u00edmica \/ Petr\u00f3leo \/ Gas natural \/ Energ\u00eda \/ Electricidad o afines <\/div><\/span>\n\t\t\t\t\t\t\t<span class='e-n-accordion-item-title-icon'>\n\t\t\t<span class='e-opened' ><svg aria-hidden=\"true\" class=\"e-font-icon-svg e-fas-minus\" viewBox=\"0 0 448 512\" xmlns=\"http:\/\/www.w3.org\/2000\/svg\"><path d=\"M416 208H32c-17.67 0-32 14.33-32 32v32c0 17.67 14.33 32 32 32h384c17.67 0 32-14.33 32-32v-32c0-17.67-14.33-32-32-32z\"><\/path><\/svg><\/span>\n\t\t\t<span class='e-closed'><svg aria-hidden=\"true\" class=\"e-font-icon-svg e-fas-plus\" viewBox=\"0 0 448 512\" xmlns=\"http:\/\/www.w3.org\/2000\/svg\"><path d=\"M416 208H272V64c0-17.67-14.33-32-32-32h-32c-17.67 0-32 14.33-32 32v144H32c-17.67 0-32 14.33-32 32v32c0 17.67 14.33 32 32 32h144v144c0 17.67 14.33 32 32 32h32c17.67 0 32-14.33 32-32V304h144c17.67 0 32-14.33 32-32v-32c0-17.67-14.33-32-32-32z\"><\/path><\/svg><\/span>\n\t\t<\/span>\n\n\t\t\t\t\t\t<\/summary>\n\t\t\t\t<div role=\"region region\" aria-labelledby=\"e-n-accordion-item-52716 e-n-accordion-item-1086\" class=\"elementor-element elementor-element-ab21bd4 e-con-full e-flex wpr-particle-no wpr-jarallax-no wpr-parallax-no wpr-sticky-section-no wpr-equal-height-no e-con e-child\" data-id=\"ab21bd4\" data-element_type=\"container\" data-e-type=\"container\">\n\t\t\t\t<div class=\"elementor-element elementor-element-1bc5bac elementor-widget elementor-widget-text-editor\" data-id=\"1bc5bac\" data-element_type=\"widget\" data-e-type=\"widget\" data-widget_type=\"text-editor.default\">\n\t\t\t\t\t\t\t\t\t<ul><li>Ambiente y desarrollo sostenible<\/li><li>Propiedades fisicoquimicas del petr\u00f3leo<\/li><li>Fases de la industria del petr\u00f3leo<\/li><li>Cadena de valor de los hidrocarburos<\/li><li>Refinaci\u00f3n del petr\u00f3leo<\/li><li>Clasificaci\u00f3n y procesamiento de gas natural<\/li><li>Plan de abandono<\/li><li>Proceso de corrosi\u00f3n y protecci\u00f3n<\/li><li>Manejo y control ambiental en la industria energ\u00e9tica (Hidrocarburos y electricidad)<\/li><li>Impacto ambiental de la industria petrolera y energ\u00e9tica<\/li><li>Tecnolog\u00edas de almacenamiento de energ\u00eda<\/li><li>Sistemas de transmisi\u00f3n energ\u00e9tica<\/li><li>Energ\u00edas limpias<\/li><li>Eficiencia energ\u00e9tica<\/li><li>Procesamiento energ\u00e9tico<\/li><\/ul>\t\t\t\t\t\t\t\t<\/div>\n\t\t\t\t<\/div>\n\t\t\t\t\t<\/details>\n\t\t\t\t\t\t<details id=\"e-n-accordion-item-1087\" class=\"e-n-accordion-item\" >\n\t\t\t\t<summary class=\"e-n-accordion-item-title\" data-accordion-index=\"8\" tabindex=\"-1\" aria-expanded=\"false\" aria-controls=\"e-n-accordion-item-1087\" >\n\t\t\t\t\t<span class='e-n-accordion-item-title-header'><div class=\"e-n-accordion-item-title-text\"> Ingenier\u00eda geol\u00f3gica \/ Geof\u00edsica\/ Ingenier\u00eda de minas \/ Metal\u00fargica o afines <\/div><\/span>\n\t\t\t\t\t\t\t<span class='e-n-accordion-item-title-icon'>\n\t\t\t<span class='e-opened' ><svg aria-hidden=\"true\" class=\"e-font-icon-svg e-fas-minus\" viewBox=\"0 0 448 512\" xmlns=\"http:\/\/www.w3.org\/2000\/svg\"><path d=\"M416 208H32c-17.67 0-32 14.33-32 32v32c0 17.67 14.33 32 32 32h384c17.67 0 32-14.33 32-32v-32c0-17.67-14.33-32-32-32z\"><\/path><\/svg><\/span>\n\t\t\t<span class='e-closed'><svg aria-hidden=\"true\" class=\"e-font-icon-svg e-fas-plus\" viewBox=\"0 0 448 512\" xmlns=\"http:\/\/www.w3.org\/2000\/svg\"><path d=\"M416 208H272V64c0-17.67-14.33-32-32-32h-32c-17.67 0-32 14.33-32 32v144H32c-17.67 0-32 14.33-32 32v32c0 17.67 14.33 32 32 32h144v144c0 17.67 14.33 32 32 32h32c17.67 0 32-14.33 32-32V304h144c17.67 0 32-14.33 32-32v-32c0-17.67-14.33-32-32-32z\"><\/path><\/svg><\/span>\n\t\t<\/span>\n\n\t\t\t\t\t\t<\/summary>\n\t\t\t\t<div role=\"region region\" aria-labelledby=\"e-n-accordion-item-52716 e-n-accordion-item-1087\" class=\"elementor-element elementor-element-4820e3f e-con-full e-flex wpr-particle-no wpr-jarallax-no wpr-parallax-no wpr-sticky-section-no wpr-equal-height-no e-con e-child\" data-id=\"4820e3f\" data-element_type=\"container\" data-e-type=\"container\">\n\t\t\t\t<div class=\"elementor-element elementor-element-75106e4 elementor-widget elementor-widget-text-editor\" data-id=\"75106e4\" data-element_type=\"widget\" data-e-type=\"widget\" data-widget_type=\"text-editor.default\">\n\t\t\t\t\t\t\t\t\t<ul><li>Ambiente y desarrollo sostenible<\/li><li>Mineralog\u00eda<\/li><li>Mec\u00e1nica de suelos<\/li><li>Mec\u00e1nica de rocas<\/li><li>Topograf\u00eda<\/li><li>Metalogenia y yacimientos minerales<\/li><li>Geomorfolog\u00eda<\/li><li>Geot\u00e9cnia<\/li><li>Concentraci\u00f3n de minerales<\/li><li>Prospecci\u00f3n s\u00edsmica y exploraci\u00f3n minera geoestad\u00edstica<\/li><li>Drenaje \u00e1cido de mina<\/li><li>Evaluaci\u00f3n de impacto ambiental<\/li><li>Geolog\u00eda ambiental<\/li><li>Metalurgia<\/li><\/ul>\t\t\t\t\t\t\t\t<\/div>\n\t\t\t\t<\/div>\n\t\t\t\t\t<\/details>\n\t\t\t\t\t\t<details id=\"e-n-accordion-item-1088\" class=\"e-n-accordion-item\" >\n\t\t\t\t<summary class=\"e-n-accordion-item-title\" data-accordion-index=\"9\" tabindex=\"-1\" aria-expanded=\"false\" aria-controls=\"e-n-accordion-item-1088\" >\n\t\t\t\t\t<span class='e-n-accordion-item-title-header'><div class=\"e-n-accordion-item-title-text\"> Ingenier\u00eda sanitaria \/ Civil o afines <\/div><\/span>\n\t\t\t\t\t\t\t<span class='e-n-accordion-item-title-icon'>\n\t\t\t<span class='e-opened' ><svg aria-hidden=\"true\" class=\"e-font-icon-svg e-fas-minus\" viewBox=\"0 0 448 512\" xmlns=\"http:\/\/www.w3.org\/2000\/svg\"><path d=\"M416 208H32c-17.67 0-32 14.33-32 32v32c0 17.67 14.33 32 32 32h384c17.67 0 32-14.33 32-32v-32c0-17.67-14.33-32-32-32z\"><\/path><\/svg><\/span>\n\t\t\t<span class='e-closed'><svg aria-hidden=\"true\" class=\"e-font-icon-svg e-fas-plus\" viewBox=\"0 0 448 512\" xmlns=\"http:\/\/www.w3.org\/2000\/svg\"><path d=\"M416 208H272V64c0-17.67-14.33-32-32-32h-32c-17.67 0-32 14.33-32 32v144H32c-17.67 0-32 14.33-32 32v32c0 17.67 14.33 32 32 32h144v144c0 17.67 14.33 32 32 32h32c17.67 0 32-14.33 32-32V304h144c17.67 0 32-14.33 32-32v-32c0-17.67-14.33-32-32-32z\"><\/path><\/svg><\/span>\n\t\t<\/span>\n\n\t\t\t\t\t\t<\/summary>\n\t\t\t\t<div role=\"region region\" aria-labelledby=\"e-n-accordion-item-52716 e-n-accordion-item-1088\" class=\"elementor-element elementor-element-20f3723 e-con-full e-flex wpr-particle-no wpr-jarallax-no wpr-parallax-no wpr-sticky-section-no wpr-equal-height-no e-con e-child\" data-id=\"20f3723\" data-element_type=\"container\" data-e-type=\"container\">\n\t\t\t\t<div class=\"elementor-element elementor-element-05da84a elementor-widget elementor-widget-text-editor\" data-id=\"05da84a\" data-element_type=\"widget\" data-e-type=\"widget\" data-widget_type=\"text-editor.default\">\n\t\t\t\t\t\t\t\t\t<ul><li>Ambiente y desarrollo sostenible<\/li><li>Mec\u00e1nica de fluidos<\/li><li>Mec\u00e1nica de s\u00f3lidos<\/li><li>Hidra\u00falica<\/li><li>Topograf\u00eda<\/li><li>Materiales de construcci\u00f3n<\/li><li>Agua y alcantarillado<\/li><li>Saneamiento ambiental<\/li><li>Tratamiento de agua potable y residual<\/li><li>Gesti\u00f3n y manejo de residuos s\u00f3lidos<\/li><li>Impacto ambiental de obras de infraestructura<\/li><\/ul>\t\t\t\t\t\t\t\t<\/div>\n\t\t\t\t<\/div>\n\t\t\t\t\t<\/details>\n\t\t\t\t\t<\/div>\n\t\t\t\t\t\t<\/div>\n\t\t\t\t<\/div>\n\t\t\t\t\t<\/details>\n\t\t\t\t\t\t<details id=\"e-n-accordion-item-52717\" class=\"e-n-accordion-item\" >\n\t\t\t\t<summary class=\"e-n-accordion-item-title\" data-accordion-index=\"18\" tabindex=\"-1\" aria-expanded=\"false\" aria-controls=\"e-n-accordion-item-52717\" >\n\t\t\t\t\t<span class='e-n-accordion-item-title-header'><div class=\"e-n-accordion-item-title-text\"> 18. Tengo una pregunta cuya respuesta no est\u00e1 aqu\u00ed, \u00bfd\u00f3nde puedo consultar? <\/div><\/span>\n\t\t\t\t\t\t\t<span class='e-n-accordion-item-title-icon'>\n\t\t\t<span class='e-opened' ><svg aria-hidden=\"true\" class=\"e-font-icon-svg e-fas-minus\" viewBox=\"0 0 448 512\" xmlns=\"http:\/\/www.w3.org\/2000\/svg\"><path d=\"M416 208H32c-17.67 0-32 14.33-32 32v32c0 17.67 14.33 32 32 32h384c17.67 0 32-14.33 32-32v-32c0-17.67-14.33-32-32-32z\"><\/path><\/svg><\/span>\n\t\t\t<span class='e-closed'><svg aria-hidden=\"true\" class=\"e-font-icon-svg e-fas-plus\" viewBox=\"0 0 448 512\" xmlns=\"http:\/\/www.w3.org\/2000\/svg\"><path d=\"M416 208H272V64c0-17.67-14.33-32-32-32h-32c-17.67 0-32 14.33-32 32v144H32c-17.67 0-32 14.33-32 32v32c0 17.67 14.33 32 32 32h144v144c0 17.67 14.33 32 32 32h32c17.67 0 32-14.33 32-32V304h144c17.67 0 32-14.33 32-32v-32c0-17.67-14.33-32-32-32z\"><\/path><\/svg><\/span>\n\t\t<\/span>\n\n\t\t\t\t\t\t<\/summary>\n\t\t\t\t<div role=\"region\" aria-labelledby=\"e-n-accordion-item-52717\" class=\"elementor-element elementor-element-db65df9 e-con-full e-flex wpr-particle-no wpr-jarallax-no wpr-parallax-no wpr-sticky-section-no wpr-equal-height-no e-con e-child\" data-id=\"db65df9\" data-element_type=\"container\" data-e-type=\"container\">\n\t\t\t\t<div class=\"elementor-element elementor-element-fda7c01 elementor-widget elementor-widget-text-editor\" data-id=\"fda7c01\" data-element_type=\"widget\" data-e-type=\"widget\" data-widget_type=\"text-editor.default\">\n\t\t\t\t\t\t\t\t\t<p>Si tienes alguna pregunta adicional, puedes escribir al correo peu@oefa.gob.pe<\/p>\t\t\t\t\t\t\t\t<\/div>\n\t\t\t\t<\/div>\n\t\t\t\t\t<\/details>\n\t\t\t\t\t<\/div>\n\t\t\t\t\t\t<\/div>\n\t\t\t\t<\/div>\n\t\t\t\t\t<\/div>\n\t\t\t\t<\/div>\n\t\t\t\t<\/div>\n\t\t","protected":false},"excerpt":{"rendered":"<p>1. \u00bfA qui\u00e9nes est\u00e1 dirigido el programa? El programa est\u00e1 abierto a estudiantes universitarios\/as que cursan los dos \u00faltimos a\u00f1os de las carreras de ciencias, ciencias Sociales, derecho y econom\u00eda en universidades del pa\u00eds, o que hayan egresado de dichas carreras exclusivamente durante el 2025. Las constancias de egresados deben contener necesariamente la fecha de egreso en el contenido del documento. 2. \u00bfEn qu\u00e9 modalidad se realizar\u00e1 el programa? La metodolog\u00eda de ense\u00f1anza del PEU se basa en un enfoque de educaci\u00f3n virtual que combina sesiones s\u00edncronas y as\u00edncronas. 3. \u00bfCu\u00e1nto dura el programa? El programa tiene una duraci\u00f3n de 160 horas cronol\u00f3gicas a lo largo de 06 semanas, desde el 19 de enero hasta el 27 de febrero del 2026. Las clases se realizar\u00e1n de lunes a viernes de 08:00 a 13:00 horas. 4. \u00bfEn qu\u00e9 lugar se realizan las inscripciones al programa? Las inscripciones son \u00fanicamente online, a trav\u00e9s de la siguiente direcci\u00f3n web: https:\/\/www.oefa.gob.pe\/peu2026\/ all\u00ed deber\u00e1n completar la Ficha de postulaci\u00f3n. 5. Si soy estudiante de otra especialidad que no es ciencias, ciencias sociales, derecho ni econom\u00eda, \u00bfpuedo postular al programa? El programa est\u00e1 dirigido solamente a estudiantes de las carreras espec\u00edficas antes se\u00f1aladas. 6. Soy egresado\/a universitario\/a, pero a\u00fan no tengo la constancia respectiva. \u00bfQu\u00e9 documento presento en caso de ser admitido\/a? El documento que debes presentar es el que se\u00f1ale que has concluido el \u00faltimo ciclo o \u00faltimo a\u00f1o de la carrera en el 2025; por ejemplo, el r\u00e9cord acad\u00e9mico de tus notas. 7. Estoy en octavo ciclo de la carrera de Econom\u00eda, la cual dura cinco a\u00f1os. \u00bfPuedo postular al programa? El programa est\u00e1 abierto a estudiantes de los dos \u00faltimos a\u00f1os de estudios y a los egresados en el 2025. 8. En mi universidad los estudios no se cuentan por ciclos o semestres, sino por a\u00f1os de estudio. \u00bfPuedo postular al programa? S\u00ed puedes postular, el programa est\u00e1 abierto a estudiantes de los dos \u00faltimos a\u00f1os de estudios y a los egresados\/as en el 2025. Esto significa que: En una carrera de cinco a\u00f1os, los\/as postulantes pueden estar cursando actualmente entre el s\u00e9ptimo y el d\u00e9cimo ciclo. Si la carrera es de seis a\u00f1os, los\/as postulantes pueden estar cursando actualmente entre el noveno y d\u00e9cimo segundo ciclo. Si la carrera es de siete a\u00f1os, los\/as postulantes deber\u00e1n estar cursando actualmente entre el d\u00e9cimo primero y d\u00e9cimo cuarto ciclo. 9. \u00bfCu\u00e1nto cuesta el examen de admisi\u00f3n al programa? Es gratuito. Los postulantes no tienen que efectuar ning\u00fan pago. No obstante, es conveniente que antes de inscribirse, los postulantes est\u00e9n seguros de cumplir con los requisitos. El OEFA puede cruzar la informaci\u00f3n de la ficha de inscripci\u00f3n con la facultad correspondiente de su universidad en cualquier momento, y anular la inscripci\u00f3n de aquellos postulantes que no cumplan con los requisitos y anular la inscripci\u00f3n de aquellos postulantes que no cumplan con los requisitos. 10. \u00bfC\u00f3mo saber si realmente figuro como aptos para rendir la evaluaci\u00f3n? Previamente a la postulaci\u00f3n, debes evaluar si cumples con el perfil solicitado y luego conseguir los documentos requeridos. Una vez realizado ello, estar\u00e1s apto\/a para completar la ficha de postulaci\u00f3n, luego de lo cual podr\u00e1s rendir el examen de admisi\u00f3n. 11. \u00bfC\u00f3mo ser\u00e1 el examen de admisi\u00f3n? El examen de admisi\u00f3n ser\u00e1 de manera virtual, a trav\u00e9s de la p\u00e1gina web del OEFA. 12. Estudio en Ayacucho, pero estoy viviendo en Lima. \u00bfD\u00f3nde rendir\u00e9 el examen de admisi\u00f3n? Rendir\u00e1s el examen de manera virtual, sugerimos un espacio adecuado con acceso a internet donde puedas rendir tu evaluaci\u00f3n sin interrupciones. Adem\u00e1s, recomendamos revisar los requisitos t\u00e9cnicos m\u00ednimos indicados en la convocatoria. 13. \u00bfD\u00f3nde est\u00e1 la relaci\u00f3n de inscritos para rendir el examen del PEU 2026? La relaci\u00f3n de postulantes se publicar\u00e1 en nuestro minisite, luego del cierre de las inscripciones. 14. \u00bfD\u00f3nde puedo revisar la lista de postulantes inscritos? La lista de postulantes inscritos ser\u00e1 publicada el lunes 17 de noviembre del 2025 en la p\u00e1gina web 15. \u00bfD\u00f3nde se llevar\u00e1 a cabo el examen de admisi\u00f3n? El examen ser\u00e1 aplicado de manera virtual el domingo 30 de noviembre del 2026.El postulante deber\u00e1 revisar el sitio web. 16. Si no puedo dar el examen por motivos de fuerza mayor, \u00bfhabr\u00e1 otra fecha para rendirlo? No, la fecha para rendir el examen es \u00fanica y no se tiene programada otra fecha distinta para tomar el examen de admisi\u00f3n. 17. \u00bfCu\u00e1les son los temas a evaluar en el examen de admisi\u00f3n? El examen constar\u00e1 de dos partes: Parte 1 (20 preguntas): 10 de razonamiento verbal y 10 de razonamiento matem\u00e1tico. Parte 2 (30 preguntas) de conocimiento de la especialidad (ciencias, ciencias sociales, derecho y econom\u00eda). Para la especialidad de ciencias sociales, los temas son los siguientes: Ciencia pol\u00edtica Democracia y gobernabilidad Modelos de desarrollo Medio ambiente y sostenibilidad Movimientos sociales y acci\u00f3n colectiva Globalizaci\u00f3n y realidad Nacional Gesti\u00f3n de conflictos sociales Mecanismos de participaci\u00f3n ciudadana Gesti\u00f3n p\u00fablica Descentralizaci\u00f3n Cultura e interculturalidad Responsabilidad social Sociedad y g\u00e9nero Relaciones comunitarias Sociolog\u00eda Democracia y gobernabilidad Modelos de desarrollo Medio ambiente y sostenibilidad Movimientos sociales y acci\u00f3n colectiva Globalizaci\u00f3n y realidad nacional Gesti\u00f3n de conflictos sociales Mecanismos de participaci\u00f3n ciudadana Gesti\u00f3n p\u00fablica Descentralizaci\u00f3n Cultura e interculturalidad Responsabilidad social Sociedad y g\u00e9nero Relaciones comunitarias Antropolog\u00eda Democracia y gobernabilidad Modelos de desarrollo Medio ambiente y sostenibilidad Movimientos sociales y acci\u00f3n colectiva Globalizaci\u00f3n y realidad nacional Gesti\u00f3n de conflictos sociales Mecanismos de participaci\u00f3n ciudadana Gesti\u00f3n p\u00fablica Descentralizaci\u00f3n Cultura e interculturalidad Responsabilidad social Sociedad y g\u00e9nero Relaciones comunitarias Para la especialidad de econom\u00eda, los temas son los siguientes: Microeconom\u00eda Sistemas de cuentas nacionales Modelos de equilibrio de gasto agregado An\u00e1lisis IS-LM: interacci\u00f3n entre los mercados de bienes y dinero Pol\u00edtica monetaria y fiscal en econom\u00edas cerradas Pol\u00edtica monetaria y fiscal en econom\u00edas abiertas Curvas de demanda y oferta agregada Equilibrio macroecon\u00f3mico entre demanda y oferta agregada Macroeconom\u00eda Democracia y gobernabilidad Modelos de desarrollo Medio ambiente y sostenibilidad Movimientos sociales y acci\u00f3n colectiva Globalizaci\u00f3n y realidad nacional Gesti\u00f3n de conflictos sociales Mecanismos de participaci\u00f3n ciudadana Gesti\u00f3n p\u00fablica Descentralizaci\u00f3n Cultura e interculturalidad<\/p>\n","protected":false},"author":1,"featured_media":0,"parent":0,"menu_order":0,"comment_status":"closed","ping_status":"closed","template":"elementor_header_footer","meta":{"footnotes":""},"class_list":["post-633","page","type-page","status-publish","hentry"],"yoast_head":"<!-- This site is optimized with the Yoast SEO plugin v27.4 - https:\/\/yoast.com\/product\/yoast-seo-wordpress\/ -->\n<title>Preguntas frecuentes - Programa de Extensi\u00f3n Universitaria<\/title>\n<meta name=\"robots\" content=\"index, follow, max-snippet:-1, max-image-preview:large, max-video-preview:-1\" \/>\n<link rel=\"canonical\" href=\"https:\/\/www.oefa.gob.pe\/peu2026\/preguntas-frecuentes\/\" \/>\n<meta property=\"og:locale\" content=\"es_ES\" \/>\n<meta property=\"og:type\" content=\"article\" \/>\n<meta property=\"og:title\" content=\"Preguntas frecuentes - Programa de Extensi\u00f3n Universitaria\" \/>\n<meta property=\"og:description\" content=\"1. \u00bfA qui\u00e9nes est\u00e1 dirigido el programa? El programa est\u00e1 abierto a estudiantes universitarios\/as que cursan los dos \u00faltimos a\u00f1os de las carreras de ciencias, ciencias Sociales, derecho y econom\u00eda en universidades del pa\u00eds, o que hayan egresado de dichas carreras exclusivamente durante el 2025. Las constancias de egresados deben contener necesariamente la fecha de egreso en el contenido del documento. 2. \u00bfEn qu\u00e9 modalidad se realizar\u00e1 el programa? La metodolog\u00eda de ense\u00f1anza del PEU se basa en un enfoque de educaci\u00f3n virtual que combina sesiones s\u00edncronas y as\u00edncronas. 3. \u00bfCu\u00e1nto dura el programa? El programa tiene una duraci\u00f3n de 160 horas cronol\u00f3gicas a lo largo de 06 semanas, desde el 19 de enero hasta el 27 de febrero del 2026. Las clases se realizar\u00e1n de lunes a viernes de 08:00 a 13:00 horas. 4. \u00bfEn qu\u00e9 lugar se realizan las inscripciones al programa? Las inscripciones son \u00fanicamente online, a trav\u00e9s de la siguiente direcci\u00f3n web: https:\/\/www.oefa.gob.pe\/peu2026\/ all\u00ed deber\u00e1n completar la Ficha de postulaci\u00f3n. 5. Si soy estudiante de otra especialidad que no es ciencias, ciencias sociales, derecho ni econom\u00eda, \u00bfpuedo postular al programa? El programa est\u00e1 dirigido solamente a estudiantes de las carreras espec\u00edficas antes se\u00f1aladas. 6. Soy egresado\/a universitario\/a, pero a\u00fan no tengo la constancia respectiva. \u00bfQu\u00e9 documento presento en caso de ser admitido\/a? El documento que debes presentar es el que se\u00f1ale que has concluido el \u00faltimo ciclo o \u00faltimo a\u00f1o de la carrera en el 2025; por ejemplo, el r\u00e9cord acad\u00e9mico de tus notas. 7. Estoy en octavo ciclo de la carrera de Econom\u00eda, la cual dura cinco a\u00f1os. \u00bfPuedo postular al programa? El programa est\u00e1 abierto a estudiantes de los dos \u00faltimos a\u00f1os de estudios y a los egresados en el 2025. 8. En mi universidad los estudios no se cuentan por ciclos o semestres, sino por a\u00f1os de estudio. \u00bfPuedo postular al programa? S\u00ed puedes postular, el programa est\u00e1 abierto a estudiantes de los dos \u00faltimos a\u00f1os de estudios y a los egresados\/as en el 2025. Esto significa que: En una carrera de cinco a\u00f1os, los\/as postulantes pueden estar cursando actualmente entre el s\u00e9ptimo y el d\u00e9cimo ciclo. Si la carrera es de seis a\u00f1os, los\/as postulantes pueden estar cursando actualmente entre el noveno y d\u00e9cimo segundo ciclo. Si la carrera es de siete a\u00f1os, los\/as postulantes deber\u00e1n estar cursando actualmente entre el d\u00e9cimo primero y d\u00e9cimo cuarto ciclo. 9. \u00bfCu\u00e1nto cuesta el examen de admisi\u00f3n al programa? Es gratuito. Los postulantes no tienen que efectuar ning\u00fan pago. No obstante, es conveniente que antes de inscribirse, los postulantes est\u00e9n seguros de cumplir con los requisitos. El OEFA puede cruzar la informaci\u00f3n de la ficha de inscripci\u00f3n con la facultad correspondiente de su universidad en cualquier momento, y anular la inscripci\u00f3n de aquellos postulantes que no cumplan con los requisitos y anular la inscripci\u00f3n de aquellos postulantes que no cumplan con los requisitos. 10. \u00bfC\u00f3mo saber si realmente figuro como aptos para rendir la evaluaci\u00f3n? Previamente a la postulaci\u00f3n, debes evaluar si cumples con el perfil solicitado y luego conseguir los documentos requeridos. Una vez realizado ello, estar\u00e1s apto\/a para completar la ficha de postulaci\u00f3n, luego de lo cual podr\u00e1s rendir el examen de admisi\u00f3n. 11. \u00bfC\u00f3mo ser\u00e1 el examen de admisi\u00f3n? El examen de admisi\u00f3n ser\u00e1 de manera virtual, a trav\u00e9s de la p\u00e1gina web del OEFA. 12. Estudio en Ayacucho, pero estoy viviendo en Lima. \u00bfD\u00f3nde rendir\u00e9 el examen de admisi\u00f3n? Rendir\u00e1s el examen de manera virtual, sugerimos un espacio adecuado con acceso a internet donde puedas rendir tu evaluaci\u00f3n sin interrupciones. Adem\u00e1s, recomendamos revisar los requisitos t\u00e9cnicos m\u00ednimos indicados en la convocatoria. 13. \u00bfD\u00f3nde est\u00e1 la relaci\u00f3n de inscritos para rendir el examen del PEU 2026? La relaci\u00f3n de postulantes se publicar\u00e1 en nuestro minisite, luego del cierre de las inscripciones. 14. \u00bfD\u00f3nde puedo revisar la lista de postulantes inscritos? La lista de postulantes inscritos ser\u00e1 publicada el lunes 17 de noviembre del 2025 en la p\u00e1gina web 15. \u00bfD\u00f3nde se llevar\u00e1 a cabo el examen de admisi\u00f3n? El examen ser\u00e1 aplicado de manera virtual el domingo 30 de noviembre del 2026.El postulante deber\u00e1 revisar el sitio web. 16. Si no puedo dar el examen por motivos de fuerza mayor, \u00bfhabr\u00e1 otra fecha para rendirlo? No, la fecha para rendir el examen es \u00fanica y no se tiene programada otra fecha distinta para tomar el examen de admisi\u00f3n. 17. \u00bfCu\u00e1les son los temas a evaluar en el examen de admisi\u00f3n? El examen constar\u00e1 de dos partes: Parte 1 (20 preguntas): 10 de razonamiento verbal y 10 de razonamiento matem\u00e1tico. Parte 2 (30 preguntas) de conocimiento de la especialidad (ciencias, ciencias sociales, derecho y econom\u00eda). Para la especialidad de ciencias sociales, los temas son los siguientes: Ciencia pol\u00edtica Democracia y gobernabilidad Modelos de desarrollo Medio ambiente y sostenibilidad Movimientos sociales y acci\u00f3n colectiva Globalizaci\u00f3n y realidad Nacional Gesti\u00f3n de conflictos sociales Mecanismos de participaci\u00f3n ciudadana Gesti\u00f3n p\u00fablica Descentralizaci\u00f3n Cultura e interculturalidad Responsabilidad social Sociedad y g\u00e9nero Relaciones comunitarias Sociolog\u00eda Democracia y gobernabilidad Modelos de desarrollo Medio ambiente y sostenibilidad Movimientos sociales y acci\u00f3n colectiva Globalizaci\u00f3n y realidad nacional Gesti\u00f3n de conflictos sociales Mecanismos de participaci\u00f3n ciudadana Gesti\u00f3n p\u00fablica Descentralizaci\u00f3n Cultura e interculturalidad Responsabilidad social Sociedad y g\u00e9nero Relaciones comunitarias Antropolog\u00eda Democracia y gobernabilidad Modelos de desarrollo Medio ambiente y sostenibilidad Movimientos sociales y acci\u00f3n colectiva Globalizaci\u00f3n y realidad nacional Gesti\u00f3n de conflictos sociales Mecanismos de participaci\u00f3n ciudadana Gesti\u00f3n p\u00fablica Descentralizaci\u00f3n Cultura e interculturalidad Responsabilidad social Sociedad y g\u00e9nero Relaciones comunitarias Para la especialidad de econom\u00eda, los temas son los siguientes: Microeconom\u00eda Sistemas de cuentas nacionales Modelos de equilibrio de gasto agregado An\u00e1lisis IS-LM: interacci\u00f3n entre los mercados de bienes y dinero Pol\u00edtica monetaria y fiscal en econom\u00edas cerradas Pol\u00edtica monetaria y fiscal en econom\u00edas abiertas Curvas de demanda y oferta agregada Equilibrio macroecon\u00f3mico entre demanda y oferta agregada Macroeconom\u00eda Democracia y gobernabilidad Modelos de desarrollo Medio ambiente y sostenibilidad Movimientos sociales y acci\u00f3n colectiva Globalizaci\u00f3n y realidad nacional Gesti\u00f3n de conflictos sociales Mecanismos de participaci\u00f3n ciudadana Gesti\u00f3n p\u00fablica Descentralizaci\u00f3n Cultura e interculturalidad\" \/>\n<meta property=\"og:url\" content=\"https:\/\/www.oefa.gob.pe\/peu2026\/preguntas-frecuentes\/\" \/>\n<meta property=\"og:site_name\" content=\"Programa de Extensi\u00f3n Universitaria\" \/>\n<meta property=\"article:modified_time\" content=\"2025-11-20T21:27:18+00:00\" \/>\n<meta name=\"twitter:card\" content=\"summary_large_image\" \/>\n<meta name=\"twitter:label1\" content=\"Tiempo de lectura\" \/>\n\t<meta name=\"twitter:data1\" content=\"25 minutos\" \/>\n<script type=\"application\/ld+json\" class=\"yoast-schema-graph\">{\"@context\":\"https:\\\/\\\/schema.org\",\"@graph\":[{\"@type\":\"WebPage\",\"@id\":\"https:\\\/\\\/www.oefa.gob.pe\\\/peu2026\\\/preguntas-frecuentes\\\/\",\"url\":\"https:\\\/\\\/www.oefa.gob.pe\\\/peu2026\\\/preguntas-frecuentes\\\/\",\"name\":\"Preguntas frecuentes - Programa de Extensi\u00f3n Universitaria\",\"isPartOf\":{\"@id\":\"https:\\\/\\\/www.oefa.gob.pe\\\/peu2026\\\/#website\"},\"datePublished\":\"2025-10-31T14:30:04+00:00\",\"dateModified\":\"2025-11-20T21:27:18+00:00\",\"breadcrumb\":{\"@id\":\"https:\\\/\\\/www.oefa.gob.pe\\\/peu2026\\\/preguntas-frecuentes\\\/#breadcrumb\"},\"inLanguage\":\"es\",\"potentialAction\":[{\"@type\":\"ReadAction\",\"target\":[\"https:\\\/\\\/www.oefa.gob.pe\\\/peu2026\\\/preguntas-frecuentes\\\/\"]}]},{\"@type\":\"BreadcrumbList\",\"@id\":\"https:\\\/\\\/www.oefa.gob.pe\\\/peu2026\\\/preguntas-frecuentes\\\/#breadcrumb\",\"itemListElement\":[{\"@type\":\"ListItem\",\"position\":1,\"name\":\"Portada\",\"item\":\"https:\\\/\\\/www.oefa.gob.pe\\\/peu2026\\\/\"},{\"@type\":\"ListItem\",\"position\":2,\"name\":\"Preguntas frecuentes\"}]},{\"@type\":\"WebSite\",\"@id\":\"https:\\\/\\\/www.oefa.gob.pe\\\/peu2026\\\/#website\",\"url\":\"https:\\\/\\\/www.oefa.gob.pe\\\/peu2026\\\/\",\"name\":\"Programa de Extensi\u00f3n Universitaria\",\"description\":\"PEU\",\"potentialAction\":[{\"@type\":\"SearchAction\",\"target\":{\"@type\":\"EntryPoint\",\"urlTemplate\":\"https:\\\/\\\/www.oefa.gob.pe\\\/peu2026\\\/?s={search_term_string}\"},\"query-input\":{\"@type\":\"PropertyValueSpecification\",\"valueRequired\":true,\"valueName\":\"search_term_string\"}}],\"inLanguage\":\"es\"}]}<\/script>\n<!-- \/ Yoast SEO plugin. -->","yoast_head_json":{"title":"Preguntas frecuentes - Programa de Extensi\u00f3n Universitaria","robots":{"index":"index","follow":"follow","max-snippet":"max-snippet:-1","max-image-preview":"max-image-preview:large","max-video-preview":"max-video-preview:-1"},"canonical":"https:\/\/www.oefa.gob.pe\/peu2026\/preguntas-frecuentes\/","og_locale":"es_ES","og_type":"article","og_title":"Preguntas frecuentes - Programa de Extensi\u00f3n Universitaria","og_description":"1. \u00bfA qui\u00e9nes est\u00e1 dirigido el programa? El programa est\u00e1 abierto a estudiantes universitarios\/as que cursan los dos \u00faltimos a\u00f1os de las carreras de ciencias, ciencias Sociales, derecho y econom\u00eda en universidades del pa\u00eds, o que hayan egresado de dichas carreras exclusivamente durante el 2025. Las constancias de egresados deben contener necesariamente la fecha de egreso en el contenido del documento. 2. \u00bfEn qu\u00e9 modalidad se realizar\u00e1 el programa? La metodolog\u00eda de ense\u00f1anza del PEU se basa en un enfoque de educaci\u00f3n virtual que combina sesiones s\u00edncronas y as\u00edncronas. 3. \u00bfCu\u00e1nto dura el programa? El programa tiene una duraci\u00f3n de 160 horas cronol\u00f3gicas a lo largo de 06 semanas, desde el 19 de enero hasta el 27 de febrero del 2026. Las clases se realizar\u00e1n de lunes a viernes de 08:00 a 13:00 horas. 4. \u00bfEn qu\u00e9 lugar se realizan las inscripciones al programa? Las inscripciones son \u00fanicamente online, a trav\u00e9s de la siguiente direcci\u00f3n web: https:\/\/www.oefa.gob.pe\/peu2026\/ all\u00ed deber\u00e1n completar la Ficha de postulaci\u00f3n. 5. Si soy estudiante de otra especialidad que no es ciencias, ciencias sociales, derecho ni econom\u00eda, \u00bfpuedo postular al programa? El programa est\u00e1 dirigido solamente a estudiantes de las carreras espec\u00edficas antes se\u00f1aladas. 6. Soy egresado\/a universitario\/a, pero a\u00fan no tengo la constancia respectiva. \u00bfQu\u00e9 documento presento en caso de ser admitido\/a? El documento que debes presentar es el que se\u00f1ale que has concluido el \u00faltimo ciclo o \u00faltimo a\u00f1o de la carrera en el 2025; por ejemplo, el r\u00e9cord acad\u00e9mico de tus notas. 7. Estoy en octavo ciclo de la carrera de Econom\u00eda, la cual dura cinco a\u00f1os. \u00bfPuedo postular al programa? El programa est\u00e1 abierto a estudiantes de los dos \u00faltimos a\u00f1os de estudios y a los egresados en el 2025. 8. En mi universidad los estudios no se cuentan por ciclos o semestres, sino por a\u00f1os de estudio. \u00bfPuedo postular al programa? S\u00ed puedes postular, el programa est\u00e1 abierto a estudiantes de los dos \u00faltimos a\u00f1os de estudios y a los egresados\/as en el 2025. Esto significa que: En una carrera de cinco a\u00f1os, los\/as postulantes pueden estar cursando actualmente entre el s\u00e9ptimo y el d\u00e9cimo ciclo. Si la carrera es de seis a\u00f1os, los\/as postulantes pueden estar cursando actualmente entre el noveno y d\u00e9cimo segundo ciclo. Si la carrera es de siete a\u00f1os, los\/as postulantes deber\u00e1n estar cursando actualmente entre el d\u00e9cimo primero y d\u00e9cimo cuarto ciclo. 9. \u00bfCu\u00e1nto cuesta el examen de admisi\u00f3n al programa? Es gratuito. Los postulantes no tienen que efectuar ning\u00fan pago. No obstante, es conveniente que antes de inscribirse, los postulantes est\u00e9n seguros de cumplir con los requisitos. El OEFA puede cruzar la informaci\u00f3n de la ficha de inscripci\u00f3n con la facultad correspondiente de su universidad en cualquier momento, y anular la inscripci\u00f3n de aquellos postulantes que no cumplan con los requisitos y anular la inscripci\u00f3n de aquellos postulantes que no cumplan con los requisitos. 10. \u00bfC\u00f3mo saber si realmente figuro como aptos para rendir la evaluaci\u00f3n? Previamente a la postulaci\u00f3n, debes evaluar si cumples con el perfil solicitado y luego conseguir los documentos requeridos. Una vez realizado ello, estar\u00e1s apto\/a para completar la ficha de postulaci\u00f3n, luego de lo cual podr\u00e1s rendir el examen de admisi\u00f3n. 11. \u00bfC\u00f3mo ser\u00e1 el examen de admisi\u00f3n? El examen de admisi\u00f3n ser\u00e1 de manera virtual, a trav\u00e9s de la p\u00e1gina web del OEFA. 12. Estudio en Ayacucho, pero estoy viviendo en Lima. \u00bfD\u00f3nde rendir\u00e9 el examen de admisi\u00f3n? Rendir\u00e1s el examen de manera virtual, sugerimos un espacio adecuado con acceso a internet donde puedas rendir tu evaluaci\u00f3n sin interrupciones. Adem\u00e1s, recomendamos revisar los requisitos t\u00e9cnicos m\u00ednimos indicados en la convocatoria. 13. \u00bfD\u00f3nde est\u00e1 la relaci\u00f3n de inscritos para rendir el examen del PEU 2026? La relaci\u00f3n de postulantes se publicar\u00e1 en nuestro minisite, luego del cierre de las inscripciones. 14. \u00bfD\u00f3nde puedo revisar la lista de postulantes inscritos? La lista de postulantes inscritos ser\u00e1 publicada el lunes 17 de noviembre del 2025 en la p\u00e1gina web 15. \u00bfD\u00f3nde se llevar\u00e1 a cabo el examen de admisi\u00f3n? El examen ser\u00e1 aplicado de manera virtual el domingo 30 de noviembre del 2026.El postulante deber\u00e1 revisar el sitio web. 16. Si no puedo dar el examen por motivos de fuerza mayor, \u00bfhabr\u00e1 otra fecha para rendirlo? No, la fecha para rendir el examen es \u00fanica y no se tiene programada otra fecha distinta para tomar el examen de admisi\u00f3n. 17. \u00bfCu\u00e1les son los temas a evaluar en el examen de admisi\u00f3n? El examen constar\u00e1 de dos partes: Parte 1 (20 preguntas): 10 de razonamiento verbal y 10 de razonamiento matem\u00e1tico. Parte 2 (30 preguntas) de conocimiento de la especialidad (ciencias, ciencias sociales, derecho y econom\u00eda). Para la especialidad de ciencias sociales, los temas son los siguientes: Ciencia pol\u00edtica Democracia y gobernabilidad Modelos de desarrollo Medio ambiente y sostenibilidad Movimientos sociales y acci\u00f3n colectiva Globalizaci\u00f3n y realidad Nacional Gesti\u00f3n de conflictos sociales Mecanismos de participaci\u00f3n ciudadana Gesti\u00f3n p\u00fablica Descentralizaci\u00f3n Cultura e interculturalidad Responsabilidad social Sociedad y g\u00e9nero Relaciones comunitarias Sociolog\u00eda Democracia y gobernabilidad Modelos de desarrollo Medio ambiente y sostenibilidad Movimientos sociales y acci\u00f3n colectiva Globalizaci\u00f3n y realidad nacional Gesti\u00f3n de conflictos sociales Mecanismos de participaci\u00f3n ciudadana Gesti\u00f3n p\u00fablica Descentralizaci\u00f3n Cultura e interculturalidad Responsabilidad social Sociedad y g\u00e9nero Relaciones comunitarias Antropolog\u00eda Democracia y gobernabilidad Modelos de desarrollo Medio ambiente y sostenibilidad Movimientos sociales y acci\u00f3n colectiva Globalizaci\u00f3n y realidad nacional Gesti\u00f3n de conflictos sociales Mecanismos de participaci\u00f3n ciudadana Gesti\u00f3n p\u00fablica Descentralizaci\u00f3n Cultura e interculturalidad Responsabilidad social Sociedad y g\u00e9nero Relaciones comunitarias Para la especialidad de econom\u00eda, los temas son los siguientes: Microeconom\u00eda Sistemas de cuentas nacionales Modelos de equilibrio de gasto agregado An\u00e1lisis IS-LM: interacci\u00f3n entre los mercados de bienes y dinero Pol\u00edtica monetaria y fiscal en econom\u00edas cerradas Pol\u00edtica monetaria y fiscal en econom\u00edas abiertas Curvas de demanda y oferta agregada Equilibrio macroecon\u00f3mico entre demanda y oferta agregada Macroeconom\u00eda Democracia y gobernabilidad Modelos de desarrollo Medio ambiente y sostenibilidad Movimientos sociales y acci\u00f3n colectiva Globalizaci\u00f3n y realidad nacional Gesti\u00f3n de conflictos sociales Mecanismos de participaci\u00f3n ciudadana Gesti\u00f3n p\u00fablica Descentralizaci\u00f3n Cultura e interculturalidad","og_url":"https:\/\/www.oefa.gob.pe\/peu2026\/preguntas-frecuentes\/","og_site_name":"Programa de Extensi\u00f3n Universitaria","article_modified_time":"2025-11-20T21:27:18+00:00","twitter_card":"summary_large_image","twitter_misc":{"Tiempo de lectura":"25 minutos"},"schema":{"@context":"https:\/\/schema.org","@graph":[{"@type":"WebPage","@id":"https:\/\/www.oefa.gob.pe\/peu2026\/preguntas-frecuentes\/","url":"https:\/\/www.oefa.gob.pe\/peu2026\/preguntas-frecuentes\/","name":"Preguntas frecuentes - Programa de Extensi\u00f3n Universitaria","isPartOf":{"@id":"https:\/\/www.oefa.gob.pe\/peu2026\/#website"},"datePublished":"2025-10-31T14:30:04+00:00","dateModified":"2025-11-20T21:27:18+00:00","breadcrumb":{"@id":"https:\/\/www.oefa.gob.pe\/peu2026\/preguntas-frecuentes\/#breadcrumb"},"inLanguage":"es","potentialAction":[{"@type":"ReadAction","target":["https:\/\/www.oefa.gob.pe\/peu2026\/preguntas-frecuentes\/"]}]},{"@type":"BreadcrumbList","@id":"https:\/\/www.oefa.gob.pe\/peu2026\/preguntas-frecuentes\/#breadcrumb","itemListElement":[{"@type":"ListItem","position":1,"name":"Portada","item":"https:\/\/www.oefa.gob.pe\/peu2026\/"},{"@type":"ListItem","position":2,"name":"Preguntas frecuentes"}]},{"@type":"WebSite","@id":"https:\/\/www.oefa.gob.pe\/peu2026\/#website","url":"https:\/\/www.oefa.gob.pe\/peu2026\/","name":"Programa de Extensi\u00f3n Universitaria","description":"PEU","potentialAction":[{"@type":"SearchAction","target":{"@type":"EntryPoint","urlTemplate":"https:\/\/www.oefa.gob.pe\/peu2026\/?s={search_term_string}"},"query-input":{"@type":"PropertyValueSpecification","valueRequired":true,"valueName":"search_term_string"}}],"inLanguage":"es"}]}},"_links":{"self":[{"href":"https:\/\/www.oefa.gob.pe\/peu2026\/wp-json\/wp\/v2\/pages\/633","targetHints":{"allow":["GET"]}}],"collection":[{"href":"https:\/\/www.oefa.gob.pe\/peu2026\/wp-json\/wp\/v2\/pages"}],"about":[{"href":"https:\/\/www.oefa.gob.pe\/peu2026\/wp-json\/wp\/v2\/types\/page"}],"author":[{"embeddable":true,"href":"https:\/\/www.oefa.gob.pe\/peu2026\/wp-json\/wp\/v2\/users\/1"}],"replies":[{"embeddable":true,"href":"https:\/\/www.oefa.gob.pe\/peu2026\/wp-json\/wp\/v2\/comments?post=633"}],"version-history":[{"count":67,"href":"https:\/\/www.oefa.gob.pe\/peu2026\/wp-json\/wp\/v2\/pages\/633\/revisions"}],"predecessor-version":[{"id":1221,"href":"https:\/\/www.oefa.gob.pe\/peu2026\/wp-json\/wp\/v2\/pages\/633\/revisions\/1221"}],"wp:attachment":[{"href":"https:\/\/www.oefa.gob.pe\/peu2026\/wp-json\/wp\/v2\/media?parent=633"}],"curies":[{"name":"wp","href":"https:\/\/api.w.org\/{rel}","templated":true}]}}